{"id":3972,"date":"2022-01-19T15:53:39","date_gmt":"2022-01-19T15:53:39","guid":{"rendered":"https:\/\/minima.es\/advertising-agency\/produccion-audiovisual\/"},"modified":"2023-05-23T08:58:37","modified_gmt":"2023-05-23T08:58:37","slug":"audiovisual-production","status":"publish","type":"page","link":"https:\/\/minima.es\/en\/advertising-agency\/audiovisual-production\/","title":{"rendered":"Audiovisual Production"},"content":{"rendered":"<p>[vc_row css_animation=&#8221;&#8221; row_type=&#8221;row&#8221; use_row_as_full_screen_section=&#8221;no&#8221; type=&#8221;full_width&#8221; angled_section=&#8221;no&#8221; text_align=&#8221;left&#8221; background_image_as_pattern=&#8221;without_pattern&#8221;][vc_column offset=&#8221;vc_hidden-sm vc_hidden-xs&#8221;][vc_empty_space height=&#8221;230px&#8221;][\/vc_column][\/vc_row][vc_row css_animation=&#8221;&#8221; row_type=&#8221;row&#8221; use_row_as_full_screen_section=&#8221;no&#8221; type=&#8221;full_width&#8221; angled_section=&#8221;no&#8221; text_align=&#8221;left&#8221; background_image_as_pattern=&#8221;without_pattern&#8221;][vc_column offset=&#8221;vc_hidden-lg vc_hidden-md&#8221;][vc_empty_space height=&#8221;70px&#8221;][\/vc_column][\/vc_row][vc_row css_animation=&#8221;&#8221; row_type=&#8221;row&#8221; use_row_as_full_screen_section=&#8221;no&#8221; type=&#8221;grid&#8221; angled_section=&#8221;no&#8221; text_align=&#8221;left&#8221; background_image_as_pattern=&#8221;without_pattern&#8221; z_index=&#8221;&#8221;][vc_column][vc_column_text]<\/p>\n<h1 style=\"text-align: left;\">AUDIOVISUAL PRODUCTION<\/h1>\n<p>[\/vc_column_text][vc_empty_space height=&#8221;40px&#8221;][vc_column_text el_class=&#8221;title-feature2&#8243;]<\/p>\n<h2 style=\"text-align: left;\">audiovisual production.<\/h2>\n<p>[\/vc_column_text][vc_empty_space height=&#8221;40px&#8221;][vc_row_inner row_type=&#8221;row&#8221; type=&#8221;full_width&#8221; text_align=&#8221;left&#8221; css_animation=&#8221;&#8221;][vc_column_inner width=&#8221;1\/2&#8243;][\/vc_column_inner][vc_column_inner width=&#8221;1\/2&#8243;][\/vc_column_inner][\/vc_row_inner][\/vc_column][\/vc_row][vc_row css_animation=&#8221;&#8221; row_type=&#8221;row&#8221; use_row_as_full_screen_section=&#8221;no&#8221; type=&#8221;full_width&#8221; angled_section=&#8221;no&#8221; text_align=&#8221;left&#8221; background_image_as_pattern=&#8221;without_pattern&#8221; z_index=&#8221;&#8221;][vc_column offset=&#8221;vc_hidden-md vc_hidden-sm vc_hidden-xs&#8221;][vc_empty_space height=&#8221;100px&#8221;][\/vc_column][\/vc_row][vc_row css_animation=&#8221;&#8221; row_type=&#8221;row&#8221; use_row_as_full_screen_section=&#8221;no&#8221; type=&#8221;full_width&#8221; angled_section=&#8221;no&#8221; text_align=&#8221;left&#8221; background_image_as_pattern=&#8221;without_pattern&#8221;][vc_column offset=&#8221;vc_hidden-lg vc_hidden-sm vc_hidden-xs&#8221;][vc_empty_space height=&#8221;80px&#8221;][\/vc_column][\/vc_row][vc_row css_animation=&#8221;&#8221; row_type=&#8221;row&#8221; use_row_as_full_screen_section=&#8221;no&#8221; type=&#8221;full_width&#8221; angled_section=&#8221;no&#8221; text_align=&#8221;left&#8221; background_image_as_pattern=&#8221;without_pattern&#8221; z_index=&#8221;&#8221;][vc_column width=&#8221;2\/12&#8243; offset=&#8221;vc_hidden-sm&#8221;][\/vc_column][vc_column width=&#8221;10\/12&#8243; el_class=&#8221;resumen&#8221;][vc_row_inner row_type=&#8221;row&#8221; type=&#8221;grid&#8221; text_align=&#8221;left&#8221; css_animation=&#8221;&#8221;][vc_column_inner width=&#8221;7\/12&#8243;][vc_column_text el_class=&#8221;entradilla&#8221;]Are you looking for an audiovisual production that surprises, that differentiates you, capable of synthesising what defines you? At M\u00ednima we do all that and more. In more than 18 years of experience we have shot commercials, developed motion graphics, created customised videos, advertorials&#8230; We also have experience in product, lifestyle and corporate photo shoots&#8230; design and layout of product catalogues.[\/vc_column_text][vc_empty_space height=&#8221;20px&#8221;][\/vc_column_inner][vc_column_inner width=&#8221;4\/12&#8243;][vc_empty_space height=&#8221;10px&#8221;][vc_column_text el_class=&#8221;underline&#8221;]<\/p>\n<h2>Audiovisual productions designed to meet objectives<\/h2>\n<p>[\/vc_column_text][\/vc_column_inner][vc_column_inner width=&#8221;1\/12&#8243;][\/vc_column_inner][\/vc_row_inner][\/vc_column][\/vc_row][vc_row css_animation=&#8221;&#8221; row_type=&#8221;row&#8221; use_row_as_full_screen_section=&#8221;no&#8221; type=&#8221;full_width&#8221; angled_section=&#8221;no&#8221; text_align=&#8221;left&#8221; background_image_as_pattern=&#8221;without_pattern&#8221;][vc_column][vc_empty_space height=&#8221;100px&#8221;][\/vc_column][\/vc_row][vc_row css_animation=&#8221;&#8221; row_type=&#8221;row&#8221; use_row_as_full_screen_section=&#8221;no&#8221; type=&#8221;full_width&#8221; angled_section=&#8221;no&#8221; text_align=&#8221;left&#8221; background_image_as_pattern=&#8221;without_pattern&#8221; z_index=&#8221;&#8221;][vc_column width=&#8221;6\/12&#8243; css=&#8221;.vc_custom_1642597161229{margin-right: 0px !important;margin-left: 0px !important;padding-right: 0px !important;padding-left: 0px !important;}&#8221;][vc_video link=&#8221;https:\/\/vimeo.com\/360492971&#8243; align=&#8221;center&#8221;][\/vc_column][vc_column width=&#8221;5\/12&#8243; css=&#8221;.vc_custom_1642596945053{margin-right: 0px !important;margin-left: 0px !important;padding-right: 0px !important;padding-left: 0px !important;}&#8221;][vc_empty_space height=&#8221;60px&#8221;][vc_column_text el_class=&#8221;listado-servicios&#8221; css=&#8221;.vc_custom_1642607320625{padding-right: 60px !important;padding-left: 60px !important;}&#8221;]<\/p>\n<h2>Spot.<\/h2>\n<p>[\/vc_column_text][vc_column_text el_class=&#8221;listado-servicios&#8221; css=&#8221;.vc_custom_1684832110767{padding-right: 60px !important;padding-left: 60px !important;}&#8221;]In 20 seconds, 30 seconds or however long you want, spots shot with actors, gimmicky spots, emotional, informal style&#8230; Flexibility is part of our DNA, so we adapt to any style and tone.[\/vc_column_text][vc_empty_space][vc_empty_space][\/vc_column][vc_column width=&#8221;1\/12&#8243;][\/vc_column][\/vc_row][vc_row css_animation=&#8221;&#8221; row_type=&#8221;row&#8221; use_row_as_full_screen_section=&#8221;no&#8221; type=&#8221;full_width&#8221; angled_section=&#8221;no&#8221; text_align=&#8221;left&#8221; background_image_as_pattern=&#8221;without_pattern&#8221; z_index=&#8221;&#8221; background_color=&#8221;#dae6e8&#8243; css=&#8221;.vc_custom_1642605483002{margin-right: 0px !important;margin-left: 0px !important;padding-right: 0px !important;padding-left: 0px !important;}&#8221;][vc_column width=&#8221;1\/12&#8243;][\/vc_column][vc_column width=&#8221;1\/2&#8243; offset=&#8221;vc_hidden-lg vc_hidden-md vc_hidden-sm&#8221; css=&#8221;.vc_custom_1651501183683{padding-right: 0px !important;padding-left: 0px !important;}&#8221;][vc_video link=&#8221;https:\/\/vimeo.com\/637049319&#8243; align=&#8221;center&#8221;][\/vc_column][vc_column width=&#8221;5\/12&#8243; css=&#8221;.vc_custom_1642597106031{padding-right: 0px !important;padding-left: 0px !important;}&#8221;][vc_empty_space height=&#8221;60px&#8221;][vc_column_text el_class=&#8221;listado-servicios&#8221; css=&#8221;.vc_custom_1642607346973{padding-right: 60px !important;padding-left: 60px !important;}&#8221;]<\/p>\n<h2>Motion Graphic.<\/h2>\n<p>[\/vc_column_text][vc_column_text el_class=&#8221;listado-servicios&#8221; css=&#8221;.vc_custom_1684832122669{padding-right: 60px !important;padding-left: 60px !important;}&#8221;]Motion graphics are an ideal resource for explanatory videos, to illustrate complex situations or processes, to provide dynamism or to create impossible scenes. At M\u00ednima we create motion graphics specifically for your project, in a completely personalised way.[\/vc_column_text][vc_empty_space][vc_empty_space][\/vc_column][vc_column width=&#8221;1\/2&#8243; css=&#8221;.vc_custom_1651501101392{margin-right: 0px !important;margin-left: 0px !important;padding-right: 0px !important;padding-left: 0px !important;}&#8221; offset=&#8221;vc_hidden-xs&#8221;][vc_video link=&#8221;https:\/\/vimeo.com\/637049319&#8243; align=&#8221;center&#8221;][\/vc_column][\/vc_row][vc_row css_animation=&#8221;&#8221; row_type=&#8221;row&#8221; use_row_as_full_screen_section=&#8221;no&#8221; type=&#8221;full_width&#8221; angled_section=&#8221;no&#8221; text_align=&#8221;left&#8221; background_image_as_pattern=&#8221;without_pattern&#8221; z_index=&#8221;&#8221;][vc_column width=&#8221;1\/12&#8243; css=&#8221;.vc_custom_1642596962788{margin-right: 0px !important;margin-left: 0px !important;padding-right: 0px !important;padding-left: 0px !important;}&#8221;][\/vc_column][vc_column width=&#8221;5\/12&#8243; css=&#8221;.vc_custom_1642596978269{margin-right: 0px !important;margin-left: 0px !important;padding-right: 0px !important;padding-left: 0px !important;}&#8221;][vc_empty_space height=&#8221;60px&#8221;][vc_column_text el_class=&#8221;listado-servicios&#8221; css=&#8221;.vc_custom_1684832132975{padding-right: 60px !important;padding-left: 60px !important;}&#8221;]<\/p>\n<h2>Catalogues.<\/h2>\n<p>[\/vc_column_text][vc_column_text el_class=&#8221;listado-servicios&#8221; css=&#8221;.vc_custom_1684832144013{padding-right: 60px !important;padding-left: 60px !important;}&#8221;]Product or service catalogues in reel format, in digital format, in interactive version&#8230; You decide how you want to present yourself and we execute it.[\/vc_column_text][vc_empty_space][\/vc_column][vc_column width=&#8221;5\/12&#8243; css=&#8221;.vc_custom_1651501131338{padding-right: 0px !important;padding-left: 0px !important;}&#8221;][vc_empty_space height=&#8221;60px&#8221;][vc_column_text el_class=&#8221;listado-servicios&#8221; css=&#8221;.vc_custom_1684832159851{padding-right: 60px !important;padding-left: 60px !important;}&#8221;]<\/p>\n<h2>Advertorials.<\/h2>\n<p>[\/vc_column_text][vc_column_text el_class=&#8221;listado-servicios&#8221; css=&#8221;.vc_custom_1684832170246{padding-right: 60px !important;padding-left: 60px !important;}&#8221;]Talk about your brand, use an extensive support to present the benefits of your project to your audience, to potential partners or business angels, to society in general. At M\u00ednima we will help you with the creation of the script, recording, editing and post-production of your advertorial.[\/vc_column_text][vc_empty_space][\/vc_column][vc_column width=&#8221;1\/12&#8243;][\/vc_column][\/vc_row][vc_row css_animation=&#8221;&#8221; row_type=&#8221;row&#8221; use_row_as_full_screen_section=&#8221;no&#8221; type=&#8221;full_width&#8221; angled_section=&#8221;no&#8221; text_align=&#8221;left&#8221; background_image_as_pattern=&#8221;without_pattern&#8221; z_index=&#8221;&#8221; background_color=&#8221;#dae6e8&#8243;][vc_column width=&#8221;1\/12&#8243;][\/vc_column][vc_column width=&#8221;1\/2&#8243; offset=&#8221;vc_hidden-lg vc_hidden-md vc_hidden-sm&#8221; css=&#8221;.vc_custom_1651501188918{padding-right: 0px !important;padding-left: 0px !important;}&#8221;][vc_single_image image=&#8221;1986&#8243; img_size=&#8221;full&#8221; alignment=&#8221;center&#8221; qode_css_animation=&#8221;&#8221;][\/vc_column][vc_column width=&#8221;5\/12&#8243; css=&#8221;.vc_custom_1642596978269{margin-right: 0px !important;margin-left: 0px !important;padding-right: 0px !important;padding-left: 0px !important;}&#8221;][vc_empty_space height=&#8221;60px&#8221;][vc_column_text el_class=&#8221;listado-servicios&#8221; css=&#8221;.vc_custom_1684832191262{padding-right: 60px !important;padding-left: 60px !important;}&#8221;]<\/p>\n<h2>Photography.<\/h2>\n<p>[\/vc_column_text][vc_column_text el_class=&#8221;listado-servicios&#8221; css=&#8221;.vc_custom_1684832200408{padding-right: 60px !important;padding-left: 60px !important;}&#8221;]Product, corporate, lifestyle, space, artistic photo shoots&#8230; Whatever kind of shoot you are looking for, at M\u00ednima we have the perfect team to give you the answer.[\/vc_column_text][vc_empty_space][\/vc_column][vc_column width=&#8221;1\/2&#8243; css=&#8221;.vc_custom_1651501159932{margin-right: 0px !important;margin-left: 0px !important;padding-right: 0px !important;padding-left: 0px !important;}&#8221; offset=&#8221;vc_hidden-xs&#8221;][vc_single_image image=&#8221;1986&#8243; img_size=&#8221;full&#8221; alignment=&#8221;center&#8221; qode_css_animation=&#8221;&#8221;][\/vc_column][\/vc_row][vc_row css_animation=&#8221;&#8221; row_type=&#8221;row&#8221; use_row_as_full_screen_section=&#8221;no&#8221; type=&#8221;grid&#8221; angled_section=&#8221;no&#8221; text_align=&#8221;left&#8221; background_image_as_pattern=&#8221;without_pattern&#8221; z_index=&#8221;&#8221; padding_top=&#8221;100&#8243; padding_bottom=&#8221;100&#8243; background_color=&#8221;#333333&#8243; el_class=&#8221;blanco&#8221;][vc_column width=&#8221;1\/3&#8243;][vc_empty_space height=&#8221;15px&#8221;][vc_column_text el_class=&#8221;underline&#8221;]<\/p>\n<h2>Words, images and sounds complement each other to add power to your advertising messages<\/h2>\n<p>[\/vc_column_text][\/vc_column][vc_column width=&#8221;2\/3&#8243;][vc_column_text]The quality of an audiovisual or photographic production is crucial to the performance of an advertising campaign. Make your advertising and corporate investment profitable with memorable pieces.[\/vc_column_text][\/vc_column][\/vc_row][vc_row css_animation=&#8221;&#8221; row_type=&#8221;row&#8221; use_row_as_full_screen_section=&#8221;no&#8221; type=&#8221;full_width&#8221; angled_section=&#8221;no&#8221; text_align=&#8221;left&#8221; background_image_as_pattern=&#8221;without_pattern&#8221;][vc_column][vc_empty_space height=&#8221;100px&#8221;][\/vc_column][\/vc_row][vc_row css_animation=&#8221;&#8221; row_type=&#8221;row&#8221; use_row_as_full_screen_section=&#8221;no&#8221; type=&#8221;grid&#8221; angled_section=&#8221;no&#8221; text_align=&#8221;left&#8221; background_image_as_pattern=&#8221;without_pattern&#8221; z_index=&#8221;&#8221;][vc_column][vc_column_text]<\/p>\n<h6><u>audiovisual<\/u><br \/>\nprojects.<\/h6>\n<p>[\/vc_column_text][vc_empty_space height=&#8221;60px&#8221;][\/vc_column][\/vc_row][vc_row css_animation=&#8221;&#8221; row_type=&#8221;row&#8221; use_row_as_full_screen_section=&#8221;no&#8221; type=&#8221;full_width&#8221; angled_section=&#8221;no&#8221; text_align=&#8221;left&#8221; background_image_as_pattern=&#8221;without_pattern&#8221;][vc_column]<div class='projects_holder_outer v4 portfolio_with_space portfolio_standard  masonry_with_space  masonry_with_space_only_image'>\n        <div class='projects_holder portfolio_main_holder clearfix v4 standard portfolio_full_image portfolio_one_by_one'>\n                    <div class=\"qode-portfolio-masonry-gallery-grid-sizer\"><\/div>\n            <div class=\"qode-portfolio-masonry-gallery-grid-gutter\"><\/div>\n        \n        <article class='mix portfolio_category_71 portfolio_category_68 portfolio_category_69 default' style='padding: 0 5px;margin-bottom: 10px !important;'>\n    \n    \n        <span class=\"qode-portfolio-new-badge\">\n        Adward    <\/span>\n\n                <div class='image_holder'>\n                <a itemprop='url' class='portfolio_link_for_touch' href='https:\/\/minima.es\/en\/proyecto\/minima-15-aniversario\/' >\n                    \n<span class='image'><img loading=\"lazy\" decoding=\"async\" width=\"500\" height=\"500\" src=\"https:\/\/minima.es\/wp-content\/uploads\/2021\/07\/minima-aniversario-00.jpg\" class=\"attachment-portfolio_masonry_with_space size-portfolio_masonry_with_space wp-post-image\" alt=\"\" srcset=\"https:\/\/minima.es\/wp-content\/uploads\/2021\/07\/minima-aniversario-00.jpg 500w, https:\/\/minima.es\/wp-content\/uploads\/2021\/07\/minima-aniversario-00-300x300.jpg 300w, https:\/\/minima.es\/wp-content\/uploads\/2021\/07\/minima-aniversario-00-150x150.jpg 150w\" sizes=\"auto, (max-width: 500px) 100vw, 500px\" \/><\/span>                <\/a>\n\n                <span class='text_holder'>\n    <span class='text_outer'>\n        <span class='text_inner'>\n            <div class=\"hover_feature_holder_title\">\n                <div class=\"hover_feature_holder_title_inner\">\n                    \n                        \n    <h2 itemprop=\"name\" class=\"portfolio_title entry_title\"><a itemprop=\"url\" href=\"https:\/\/minima.es\/en\/proyecto\/minima-15-aniversario\/\" style=\"color: #ffffff;font-size: 18px\" target=\"_self\"> Minima 15 Aniversario<\/a><\/h2>\n\n\n                        \n                            <span class=\"project_category\" style=\"color: #ffffff\" >\n    Advertising Creativity, Award, Bronze Award    <\/span>\n\n                                    <\/div>\n            <\/div>\n\n            \n        <\/span>\n    <\/span>\n<\/span>\n            <\/div>\n                    \n    \n<\/article>\n<article class='mix portfolio_category_71 portfolio_category_70 default' style='padding: 0 5px;margin-bottom: 10px !important;'>\n    \n    \n    \n                <div class='image_holder'>\n                <a itemprop='url' class='portfolio_link_for_touch' href='https:\/\/minima.es\/en\/proyecto\/las-indias-emprende-lab\/' >\n                    \n<span class='image'><img loading=\"lazy\" decoding=\"async\" width=\"500\" height=\"500\" src=\"https:\/\/minima.es\/wp-content\/uploads\/2021\/07\/las-indias-emprende-lab-00.jpg\" class=\"attachment-portfolio_masonry_with_space size-portfolio_masonry_with_space wp-post-image\" alt=\"\" srcset=\"https:\/\/minima.es\/wp-content\/uploads\/2021\/07\/las-indias-emprende-lab-00.jpg 500w, https:\/\/minima.es\/wp-content\/uploads\/2021\/07\/las-indias-emprende-lab-00-300x300.jpg 300w, https:\/\/minima.es\/wp-content\/uploads\/2021\/07\/las-indias-emprende-lab-00-150x150.jpg 150w\" sizes=\"auto, (max-width: 500px) 100vw, 500px\" \/><\/span>                <\/a>\n\n                <span class='text_holder'>\n    <span class='text_outer'>\n        <span class='text_inner'>\n            <div class=\"hover_feature_holder_title\">\n                <div class=\"hover_feature_holder_title_inner\">\n                    \n                        \n    <h2 itemprop=\"name\" class=\"portfolio_title entry_title\"><a itemprop=\"url\" href=\"https:\/\/minima.es\/en\/proyecto\/las-indias-emprende-lab\/\" style=\"color: #ffffff;font-size: 18px\" target=\"_self\"> Las Indias Emprende Lab<\/a><\/h2>\n\n\n                        \n                            <span class=\"project_category\" style=\"color: #ffffff\" >\n    Advertising Creativity, Audiovisual    <\/span>\n\n                                    <\/div>\n            <\/div>\n\n            \n        <\/span>\n    <\/span>\n<\/span>\n            <\/div>\n                    \n    \n<\/article>\n<article class='mix portfolio_category_71 portfolio_category_68 portfolio_category_81 default' style='padding: 0 5px;margin-bottom: 10px !important;'>\n    \n    \n        <span class=\"qode-portfolio-new-badge\">\n        Adward    <\/span>\n\n                <div class='image_holder'>\n                <a itemprop='url' class='portfolio_link_for_touch' href='https:\/\/minima.es\/en\/proyecto\/oro-parece\/' >\n                    \n<span class='image'><img loading=\"lazy\" decoding=\"async\" width=\"500\" height=\"500\" src=\"https:\/\/minima.es\/wp-content\/uploads\/2021\/07\/oro-parece-00.jpg\" class=\"attachment-portfolio_masonry_with_space size-portfolio_masonry_with_space wp-post-image\" alt=\"\" srcset=\"https:\/\/minima.es\/wp-content\/uploads\/2021\/07\/oro-parece-00.jpg 500w, https:\/\/minima.es\/wp-content\/uploads\/2021\/07\/oro-parece-00-300x300.jpg 300w, https:\/\/minima.es\/wp-content\/uploads\/2021\/07\/oro-parece-00-150x150.jpg 150w\" sizes=\"auto, (max-width: 500px) 100vw, 500px\" \/><\/span>                <\/a>\n\n                <span class='text_holder'>\n    <span class='text_outer'>\n        <span class='text_inner'>\n            <div class=\"hover_feature_holder_title\">\n                <div class=\"hover_feature_holder_title_inner\">\n                    \n                        \n    <h2 itemprop=\"name\" class=\"portfolio_title entry_title\"><a itemprop=\"url\" href=\"https:\/\/minima.es\/en\/proyecto\/oro-parece\/\" style=\"color: #ffffff;font-size: 18px\" target=\"_self\"> Oro parece&#8230;<\/a><\/h2>\n\n\n                        \n                            <span class=\"project_category\" style=\"color: #ffffff\" >\n    Advertising Creativity, Award, Gold Award    <\/span>\n\n                                    <\/div>\n            <\/div>\n\n            \n        <\/span>\n    <\/span>\n<\/span>\n            <\/div>\n                    \n    \n<\/article>\n<article class='mix portfolio_category_71 portfolio_category_85 portfolio_category_86 default' style='padding: 0 5px;margin-bottom: 10px !important;'>\n    \n    \n    \n                <div class='image_holder'>\n                <a itemprop='url' class='portfolio_link_for_touch' href='https:\/\/minima.es\/en\/proyecto\/prevenir-no-es-un-arte-es-una-necesidad\/' >\n                    \n<span class='image'><img loading=\"lazy\" decoding=\"async\" width=\"500\" height=\"1010\" src=\"https:\/\/minima.es\/wp-content\/uploads\/2021\/07\/prevenir-no-es-un-arte-00.jpg\" class=\"attachment-portfolio_masonry_with_space size-portfolio_masonry_with_space wp-post-image\" alt=\"\" srcset=\"https:\/\/minima.es\/wp-content\/uploads\/2021\/07\/prevenir-no-es-un-arte-00.jpg 500w, https:\/\/minima.es\/wp-content\/uploads\/2021\/07\/prevenir-no-es-un-arte-00-149x300.jpg 149w, https:\/\/minima.es\/wp-content\/uploads\/2021\/07\/prevenir-no-es-un-arte-00-74x150.jpg 74w\" sizes=\"auto, (max-width: 500px) 100vw, 500px\" \/><\/span>                <\/a>\n\n                <span class='text_holder'>\n    <span class='text_outer'>\n        <span class='text_inner'>\n            <div class=\"hover_feature_holder_title\">\n                <div class=\"hover_feature_holder_title_inner\">\n                    \n                        \n    <h2 itemprop=\"name\" class=\"portfolio_title entry_title\"><a itemprop=\"url\" href=\"https:\/\/minima.es\/en\/proyecto\/prevenir-no-es-un-arte-es-una-necesidad\/\" style=\"color: #ffffff;font-size: 18px\" target=\"_self\"> Prevenir no es un arte, es una necesidad<\/a><\/h2>\n\n\n                        \n                            <span class=\"project_category\" style=\"color: #ffffff\" >\n    Advertising Creativity, Advertising Supports, Spot    <\/span>\n\n                                    <\/div>\n            <\/div>\n\n            \n        <\/span>\n    <\/span>\n<\/span>\n            <\/div>\n                    \n    \n<\/article>\n<article class='mix portfolio_category_71 portfolio_category_85 portfolio_category_70 portfolio_category_86 default' style='padding: 0 5px;margin-bottom: 10px !important;'>\n    \n    \n    \n                <div class='image_holder'>\n                <a itemprop='url' class='portfolio_link_for_touch' href='https:\/\/minima.es\/en\/proyecto\/el-comercio-lagunero-se-compra-aqui-se-siente-aqui\/' >\n                    \n<span class='image'><img loading=\"lazy\" decoding=\"async\" width=\"500\" height=\"500\" src=\"https:\/\/minima.es\/wp-content\/uploads\/2021\/07\/publicidad-comercio-la-laguna-00.jpg\" class=\"attachment-portfolio_masonry_with_space size-portfolio_masonry_with_space wp-post-image\" alt=\"\" srcset=\"https:\/\/minima.es\/wp-content\/uploads\/2021\/07\/publicidad-comercio-la-laguna-00.jpg 500w, https:\/\/minima.es\/wp-content\/uploads\/2021\/07\/publicidad-comercio-la-laguna-00-300x300.jpg 300w, https:\/\/minima.es\/wp-content\/uploads\/2021\/07\/publicidad-comercio-la-laguna-00-150x150.jpg 150w\" sizes=\"auto, (max-width: 500px) 100vw, 500px\" \/><\/span>                <\/a>\n\n                <span class='text_holder'>\n    <span class='text_outer'>\n        <span class='text_inner'>\n            <div class=\"hover_feature_holder_title\">\n                <div class=\"hover_feature_holder_title_inner\">\n                    \n                        \n    <h2 itemprop=\"name\" class=\"portfolio_title entry_title\"><a itemprop=\"url\" href=\"https:\/\/minima.es\/en\/proyecto\/el-comercio-lagunero-se-compra-aqui-se-siente-aqui\/\" style=\"color: #ffffff;font-size: 18px\" target=\"_self\"> El comercio lagunero se compra aqu\u00ed, se siente aqu\u00ed<\/a><\/h2>\n\n\n                        \n                            <span class=\"project_category\" style=\"color: #ffffff\" >\n    Advertising Creativity, Advertising Supports, Audiovisual, Spot    <\/span>\n\n                                    <\/div>\n            <\/div>\n\n            \n        <\/span>\n    <\/span>\n<\/span>\n            <\/div>\n                    \n    \n<\/article>\n<article class='mix portfolio_category_85 portfolio_category_76 default' style='padding: 0 5px;margin-bottom: 10px !important;'>\n    \n    \n    \n                <div class='image_holder'>\n                <a itemprop='url' class='portfolio_link_for_touch' href='https:\/\/minima.es\/en\/proyecto\/periplo-2020\/' >\n                    \n<span class='image'><img loading=\"lazy\" decoding=\"async\" width=\"500\" height=\"500\" src=\"https:\/\/minima.es\/wp-content\/uploads\/2021\/07\/publicidad-periplo-2020-00.jpg\" class=\"attachment-portfolio_masonry_with_space size-portfolio_masonry_with_space wp-post-image\" alt=\"\" srcset=\"https:\/\/minima.es\/wp-content\/uploads\/2021\/07\/publicidad-periplo-2020-00.jpg 500w, https:\/\/minima.es\/wp-content\/uploads\/2021\/07\/publicidad-periplo-2020-00-300x300.jpg 300w, https:\/\/minima.es\/wp-content\/uploads\/2021\/07\/publicidad-periplo-2020-00-150x150.jpg 150w\" sizes=\"auto, (max-width: 500px) 100vw, 500px\" \/><\/span>                <\/a>\n\n                <span class='text_holder'>\n    <span class='text_outer'>\n        <span class='text_inner'>\n            <div class=\"hover_feature_holder_title\">\n                <div class=\"hover_feature_holder_title_inner\">\n                    \n                        \n    <h2 itemprop=\"name\" class=\"portfolio_title entry_title\"><a itemprop=\"url\" href=\"https:\/\/minima.es\/en\/proyecto\/periplo-2020\/\" style=\"color: #ffffff;font-size: 18px\" target=\"_self\"> Periplo 2020<\/a><\/h2>\n\n\n                        \n                            <span class=\"project_category\" style=\"color: #ffffff\" >\n    Advertising Supports, Illustration    <\/span>\n\n                                    <\/div>\n            <\/div>\n\n            \n        <\/span>\n    <\/span>\n<\/span>\n            <\/div>\n                    \n    \n<\/article>\n<article class='mix portfolio_category_71 portfolio_category_85 default' style='padding: 0 5px;margin-bottom: 10px !important;'>\n    \n    \n    \n                <div class='image_holder'>\n                <a itemprop='url' class='portfolio_link_for_touch' href='https:\/\/minima.es\/en\/proyecto\/ponme-cara\/' >\n                    \n<span class='image'><img loading=\"lazy\" decoding=\"async\" width=\"500\" height=\"500\" src=\"https:\/\/minima.es\/wp-content\/uploads\/2021\/07\/publicidad-ponme.cara-00.jpg\" class=\"attachment-portfolio_masonry_with_space size-portfolio_masonry_with_space wp-post-image\" alt=\"\" srcset=\"https:\/\/minima.es\/wp-content\/uploads\/2021\/07\/publicidad-ponme.cara-00.jpg 500w, https:\/\/minima.es\/wp-content\/uploads\/2021\/07\/publicidad-ponme.cara-00-300x300.jpg 300w, https:\/\/minima.es\/wp-content\/uploads\/2021\/07\/publicidad-ponme.cara-00-150x150.jpg 150w\" sizes=\"auto, (max-width: 500px) 100vw, 500px\" \/><\/span>                <\/a>\n\n                <span class='text_holder'>\n    <span class='text_outer'>\n        <span class='text_inner'>\n            <div class=\"hover_feature_holder_title\">\n                <div class=\"hover_feature_holder_title_inner\">\n                    \n                        \n    <h2 itemprop=\"name\" class=\"portfolio_title entry_title\"><a itemprop=\"url\" href=\"https:\/\/minima.es\/en\/proyecto\/ponme-cara\/\" style=\"color: #ffffff;font-size: 18px\" target=\"_self\"> Ponme Cara<\/a><\/h2>\n\n\n                        \n                            <span class=\"project_category\" style=\"color: #ffffff\" >\n    Advertising Creativity, Advertising Supports    <\/span>\n\n                                    <\/div>\n            <\/div>\n\n            \n        <\/span>\n    <\/span>\n<\/span>\n            <\/div>\n                    \n    \n<\/article>\n        <div class='filler'><\/div>\n            <div class='filler'><\/div>\n            <div class='filler'><\/div>\n            <div class='filler'><\/div>\n        <\/div>\n\n    \n    <\/div>[vc_empty_space height=&#8221;30px&#8221;][vc_row_inner row_type=&#8221;row&#8221; type=&#8221;full_width&#8221; text_align=&#8221;center&#8221; css_animation=&#8221;&#8221;][vc_column_inner]<a  itemprop=\"url\" href=\"https:\/\/minima.es\/proyectos\/\" target=\"_self\"  class=\"qbutton  default\" style=\"\">All projects<\/a>[\/vc_column_inner][\/vc_row_inner][\/vc_column][\/vc_row][vc_row css_animation=&#8221;&#8221; row_type=&#8221;row&#8221; use_row_as_full_screen_section=&#8221;no&#8221; type=&#8221;full_width&#8221; angled_section=&#8221;no&#8221; text_align=&#8221;left&#8221; background_image_as_pattern=&#8221;without_pattern&#8221;][vc_column][vc_empty_space height=&#8221;100px&#8221;][\/vc_column][\/vc_row][vc_row css_animation=&#8221;&#8221; row_type=&#8221;row&#8221; use_row_as_full_screen_section=&#8221;no&#8221; type=&#8221;grid&#8221; angled_section=&#8221;no&#8221; text_align=&#8221;left&#8221; background_image_as_pattern=&#8221;without_pattern&#8221; z_index=&#8221;&#8221; padding_top=&#8221;50&#8243; padding_bottom=&#8221;50&#8243; background_color=&#8221;#dae6e8&#8243;][vc_column width=&#8221;1\/2&#8243;][vc_empty_space][vc_column_text]<\/p>\n<h6>Shall we talk about it?<\/h6>\n<p>[\/vc_column_text][vc_empty_space][vc_column_text]Do you need more arguments to trust us as an advertising agency?<\/p>\n<p>Let&#8217;s talk in detail about how far we can take your brand.[\/vc_column_text][\/vc_column][vc_column width=&#8221;1\/2&#8243;][vc_empty_space][vc_raw_html]JTNDJTIxLS0lNUJpZiUyMGx0ZSUyMElFJTIwOCU1RCUzRSUwQSUzQ3NjcmlwdCUyMGNoYXJzZXQlM0QlMjJ1dGYtOCUyMiUyMHR5cGUlM0QlMjJ0ZXh0JTJGamF2YXNjcmlwdCUyMiUyMHNyYyUzRCUyMiUyRiUyRmpzLmhzZm9ybXMubmV0JTJGZm9ybXMlMkZ2Mi1sZWdhY3kuanMlMjIlM0UlM0MlMkZzY3JpcHQlM0UlMEElM0MlMjElNUJlbmRpZiU1RC0tJTNFJTBBJTNDc2NyaXB0JTIwY2hhcnNldCUzRCUyMnV0Zi04JTIyJTIwdHlwZSUzRCUyMnRleHQlMkZqYXZhc2NyaXB0JTIyJTIwc3JjJTNEJTIyJTJGJTJGanMuaHNmb3Jtcy5uZXQlMkZmb3JtcyUyRnYyLmpzJTIyJTNFJTNDJTJGc2NyaXB0JTNFJTBBJTNDc2NyaXB0JTNFJTBBJTIwJTIwaGJzcHQuZm9ybXMuY3JlYXRlJTI4JTdCJTBBJTA5cmVnaW9uJTNBJTIwJTIybmExJTIyJTJDJTBBJTA5cG9ydGFsSWQlM0ElMjAlMjIyNzI1MjUyJTIyJTJDJTBBJTA5Zm9ybUlkJTNBJTIwJTIyZDJjMTU0NWMtOTRhYi00Yjk1LWIwM2UtNTU5ZTA1NzliOGExJTIyJTBBJTdEJTI5JTNCJTBBJTNDJTJGc2NyaXB0JTNF[\/vc_raw_html][\/vc_column][\/vc_row]<\/p>\n","protected":false},"excerpt":{"rendered":"<p>[vc_row css_animation=&#8221;&#8221; row_type=&#8221;row&#8221; use_row_as_full_screen_section=&#8221;no&#8221; type=&#8221;full_width&#8221; angled_section=&#8221;no&#8221; text_align=&#8221;left&#8221; background_image_as_pattern=&#8221;without_pattern&#8221;][vc_column offset=&#8221;vc_hidden-sm vc_hidden-xs&#8221;][vc_empty_space height=&#8221;230px&#8221;][\/vc_column][\/vc_row][vc_row css_animation=&#8221;&#8221; row_type=&#8221;row&#8221; use_row_as_full_screen_section=&#8221;no&#8221; type=&#8221;full_width&#8221; angled_section=&#8221;no&#8221; text_align=&#8221;left&#8221; background_image_as_pattern=&#8221;without_pattern&#8221;][vc_column offset=&#8221;vc_hidden-lg vc_hidden-md&#8221;][vc_empty_space height=&#8221;70px&#8221;][\/vc_column][\/vc_row][vc_row css_animation=&#8221;&#8221; row_type=&#8221;row&#8221; use_row_as_full_screen_section=&#8221;no&#8221; type=&#8221;grid&#8221; angled_section=&#8221;no&#8221; text_align=&#8221;left&#8221; background_image_as_pattern=&#8221;without_pattern&#8221; z_index=&#8221;&#8221;][vc_column][vc_column_text] AUDIOVISUAL PRODUCTION [\/vc_column_text][vc_empty_space height=&#8221;40px&#8221;][vc_column_text el_class=&#8221;title-feature2&#8243;] audiovisual production. [\/vc_column_text][vc_empty_space height=&#8221;40px&#8221;][vc_row_inner row_type=&#8221;row&#8221; type=&#8221;full_width&#8221; text_align=&#8221;left&#8221; css_animation=&#8221;&#8221;][vc_column_inner width=&#8221;1\/2&#8243;][\/vc_column_inner][vc_column_inner width=&#8221;1\/2&#8243;][\/vc_column_inner][\/vc_row_inner][\/vc_column][\/vc_row][vc_row css_animation=&#8221;&#8221;&#8230;<\/p>\n","protected":false},"author":1,"featured_media":3735,"parent":3956,"menu_order":0,"comment_status":"closed","ping_status":"closed","template":"full_width.php","meta":{"footnotes":""},"class_list":["post-3972","page","type-page","status-publish","has-post-thumbnail","hentry"],"yoast_head":"<!-- This site is optimized with the Yoast SEO Premium plugin v21.2 (Yoast SEO v27.1.1) - https:\/\/yoast.com\/product\/yoast-seo-premium-wordpress\/ -->\n<title>Audiovisual Production | Spots, Motion Graphics, Cu\u00f1as | Minima<\/title>\n<meta name=\"description\" content=\"Si buscas producci\u00f3n audiovisual para tu proyecto, est\u00e1s de enhorabuena, en Minima creamos tu proyecto audiovisual alineado a tus objetivos.\" \/>\n<meta name=\"robots\" content=\"index, follow, max-snippet:-1, max-image-preview:large, max-video-preview:-1\" \/>\n<link rel=\"canonical\" href=\"https:\/\/minima.es\/en\/advertising-agency\/audiovisual-production\/\" \/>\n<meta property=\"og:locale\" content=\"en_US\" \/>\n<meta property=\"og:type\" content=\"article\" \/>\n<meta property=\"og:title\" content=\"Audiovisual Production | Spots, Motion Graphics, Cu\u00f1as | Minima\" \/>\n<meta property=\"og:description\" content=\"Si buscas producci\u00f3n audiovisual para tu proyecto, est\u00e1s de enhorabuena, en Minima creamos tu proyecto audiovisual alineado a tus objetivos.\" \/>\n<meta property=\"og:url\" content=\"https:\/\/minima.es\/en\/advertising-agency\/audiovisual-production\/\" \/>\n<meta property=\"og:site_name\" content=\"Minima\" \/>\n<meta property=\"article:publisher\" content=\"https:\/\/www.facebook.com\/minimacia\" \/>\n<meta property=\"article:modified_time\" content=\"2023-05-23T08:58:37+00:00\" \/>\n<meta property=\"og:image\" content=\"https:\/\/minima.es\/wp-content\/uploads\/2021\/08\/agencia-de-publicidad.png\" \/>\n\t<meta property=\"og:image:width\" content=\"1437\" \/>\n\t<meta property=\"og:image:height\" content=\"808\" \/>\n\t<meta property=\"og:image:type\" content=\"image\/png\" \/>\n<meta name=\"twitter:card\" content=\"summary_large_image\" \/>\n<meta name=\"twitter:title\" content=\"Audiovisual Production | Spots, Motion Graphics, Cu\u00f1as | Minima\" \/>\n<meta name=\"twitter:description\" content=\"Si buscas producci\u00f3n audiovisual para tu proyecto, est\u00e1s de enhorabuena, en Minima creamos tu proyecto audiovisual alineado a tus objetivos.\" \/>\n<meta name=\"twitter:site\" content=\"@minimacia\" \/>\n<meta name=\"twitter:label1\" content=\"Est. reading time\" \/>\n\t<meta name=\"twitter:data1\" content=\"4 minutes\" \/>\n<script type=\"application\/ld+json\" class=\"yoast-schema-graph\">{\"@context\":\"https:\/\/schema.org\",\"@graph\":[{\"@type\":\"WebPage\",\"@id\":\"https:\/\/minima.es\/en\/advertising-agency\/audiovisual-production\/\",\"url\":\"https:\/\/minima.es\/en\/advertising-agency\/audiovisual-production\/\",\"name\":\"Audiovisual Production | Spots, Motion Graphics, Cu\u00f1as | Minima\",\"isPartOf\":{\"@id\":\"https:\/\/minima.es\/#website\"},\"primaryImageOfPage\":{\"@id\":\"https:\/\/minima.es\/en\/advertising-agency\/audiovisual-production\/#primaryimage\"},\"image\":{\"@id\":\"https:\/\/minima.es\/en\/advertising-agency\/audiovisual-production\/#primaryimage\"},\"thumbnailUrl\":\"https:\/\/minima.es\/wp-content\/uploads\/2021\/08\/minima-agencia-creativa-03.png\",\"datePublished\":\"2022-01-19T15:53:39+00:00\",\"dateModified\":\"2023-05-23T08:58:37+00:00\",\"description\":\"Si buscas producci\u00f3n audiovisual para tu proyecto, est\u00e1s de enhorabuena, en Minima creamos tu proyecto audiovisual alineado a tus objetivos.\",\"breadcrumb\":{\"@id\":\"https:\/\/minima.es\/en\/advertising-agency\/audiovisual-production\/#breadcrumb\"},\"inLanguage\":\"en-US\",\"potentialAction\":[{\"@type\":\"ReadAction\",\"target\":[\"https:\/\/minima.es\/en\/advertising-agency\/audiovisual-production\/\"]}]},{\"@type\":\"ImageObject\",\"inLanguage\":\"en-US\",\"@id\":\"https:\/\/minima.es\/en\/advertising-agency\/audiovisual-production\/#primaryimage\",\"url\":\"https:\/\/minima.es\/wp-content\/uploads\/2021\/08\/minima-agencia-creativa-03.png\",\"contentUrl\":\"https:\/\/minima.es\/wp-content\/uploads\/2021\/08\/minima-agencia-creativa-03.png\",\"width\":400,\"height\":400},{\"@type\":\"BreadcrumbList\",\"@id\":\"https:\/\/minima.es\/en\/advertising-agency\/audiovisual-production\/#breadcrumb\",\"itemListElement\":[{\"@type\":\"ListItem\",\"position\":1,\"name\":\"Portada\",\"item\":\"https:\/\/minima.es\/en\/\"},{\"@type\":\"ListItem\",\"position\":2,\"name\":\"Advertising agency\",\"item\":\"https:\/\/minima.es\/en\/advertising-agency\/\"},{\"@type\":\"ListItem\",\"position\":3,\"name\":\"Audiovisual Production\"}]},{\"@type\":\"WebSite\",\"@id\":\"https:\/\/minima.es\/#website\",\"url\":\"https:\/\/minima.es\/\",\"name\":\"Minima\",\"description\":\"Agencia Creativa e Inbound Marketing\",\"publisher\":{\"@id\":\"https:\/\/minima.es\/#organization\"},\"potentialAction\":[{\"@type\":\"SearchAction\",\"target\":{\"@type\":\"EntryPoint\",\"urlTemplate\":\"https:\/\/minima.es\/?s={search_term_string}\"},\"query-input\":{\"@type\":\"PropertyValueSpecification\",\"valueRequired\":true,\"valueName\":\"search_term_string\"}}],\"inLanguage\":\"en-US\"},{\"@type\":\"Organization\",\"@id\":\"https:\/\/minima.es\/#organization\",\"name\":\"M\u00ednima\",\"url\":\"https:\/\/minima.es\/\",\"logo\":{\"@type\":\"ImageObject\",\"inLanguage\":\"en-US\",\"@id\":\"https:\/\/minima.es\/#\/schema\/logo\/image\/\",\"url\":\"https:\/\/minima.es\/wp-content\/uploads\/2021\/08\/minima-agencia-creativa-03.png\",\"contentUrl\":\"https:\/\/minima.es\/wp-content\/uploads\/2021\/08\/minima-agencia-creativa-03.png\",\"width\":400,\"height\":400,\"caption\":\"M\u00ednima\"},\"image\":{\"@id\":\"https:\/\/minima.es\/#\/schema\/logo\/image\/\"},\"sameAs\":[\"https:\/\/www.facebook.com\/minimacia\",\"https:\/\/x.com\/minimacia\",\"https:\/\/www.instagram.com\/minimacia\/?hl=es\",\"https:\/\/www.linkedin.com\/company\/minimacia\/\",\"https:\/\/www.pinterest.es\/minimacia\/\",\"https:\/\/www.youtube.com\/channel\/UCMN-_bZZzVJACd-2hAXE2IA\"]}]}<\/script>\n<!-- \/ Yoast SEO Premium plugin. -->","yoast_head_json":{"title":"Audiovisual Production | Spots, Motion Graphics, Cu\u00f1as | Minima","description":"Si buscas producci\u00f3n audiovisual para tu proyecto, est\u00e1s de enhorabuena, en Minima creamos tu proyecto audiovisual alineado a tus objetivos.","robots":{"index":"index","follow":"follow","max-snippet":"max-snippet:-1","max-image-preview":"max-image-preview:large","max-video-preview":"max-video-preview:-1"},"canonical":"https:\/\/minima.es\/en\/advertising-agency\/audiovisual-production\/","og_locale":"en_US","og_type":"article","og_title":"Audiovisual Production | Spots, Motion Graphics, Cu\u00f1as | Minima","og_description":"Si buscas producci\u00f3n audiovisual para tu proyecto, est\u00e1s de enhorabuena, en Minima creamos tu proyecto audiovisual alineado a tus objetivos.","og_url":"https:\/\/minima.es\/en\/advertising-agency\/audiovisual-production\/","og_site_name":"Minima","article_publisher":"https:\/\/www.facebook.com\/minimacia","article_modified_time":"2023-05-23T08:58:37+00:00","og_image":[{"width":1437,"height":808,"url":"https:\/\/minima.es\/wp-content\/uploads\/2021\/08\/agencia-de-publicidad.png","type":"image\/png"}],"twitter_card":"summary_large_image","twitter_title":"Audiovisual Production | Spots, Motion Graphics, Cu\u00f1as | Minima","twitter_description":"Si buscas producci\u00f3n audiovisual para tu proyecto, est\u00e1s de enhorabuena, en Minima creamos tu proyecto audiovisual alineado a tus objetivos.","twitter_site":"@minimacia","twitter_misc":{"Est. reading time":"4 minutes"},"schema":{"@context":"https:\/\/schema.org","@graph":[{"@type":"WebPage","@id":"https:\/\/minima.es\/en\/advertising-agency\/audiovisual-production\/","url":"https:\/\/minima.es\/en\/advertising-agency\/audiovisual-production\/","name":"Audiovisual Production | Spots, Motion Graphics, Cu\u00f1as | Minima","isPartOf":{"@id":"https:\/\/minima.es\/#website"},"primaryImageOfPage":{"@id":"https:\/\/minima.es\/en\/advertising-agency\/audiovisual-production\/#primaryimage"},"image":{"@id":"https:\/\/minima.es\/en\/advertising-agency\/audiovisual-production\/#primaryimage"},"thumbnailUrl":"https:\/\/minima.es\/wp-content\/uploads\/2021\/08\/minima-agencia-creativa-03.png","datePublished":"2022-01-19T15:53:39+00:00","dateModified":"2023-05-23T08:58:37+00:00","description":"Si buscas producci\u00f3n audiovisual para tu proyecto, est\u00e1s de enhorabuena, en Minima creamos tu proyecto audiovisual alineado a tus objetivos.","breadcrumb":{"@id":"https:\/\/minima.es\/en\/advertising-agency\/audiovisual-production\/#breadcrumb"},"inLanguage":"en-US","potentialAction":[{"@type":"ReadAction","target":["https:\/\/minima.es\/en\/advertising-agency\/audiovisual-production\/"]}]},{"@type":"ImageObject","inLanguage":"en-US","@id":"https:\/\/minima.es\/en\/advertising-agency\/audiovisual-production\/#primaryimage","url":"https:\/\/minima.es\/wp-content\/uploads\/2021\/08\/minima-agencia-creativa-03.png","contentUrl":"https:\/\/minima.es\/wp-content\/uploads\/2021\/08\/minima-agencia-creativa-03.png","width":400,"height":400},{"@type":"BreadcrumbList","@id":"https:\/\/minima.es\/en\/advertising-agency\/audiovisual-production\/#breadcrumb","itemListElement":[{"@type":"ListItem","position":1,"name":"Portada","item":"https:\/\/minima.es\/en\/"},{"@type":"ListItem","position":2,"name":"Advertising agency","item":"https:\/\/minima.es\/en\/advertising-agency\/"},{"@type":"ListItem","position":3,"name":"Audiovisual Production"}]},{"@type":"WebSite","@id":"https:\/\/minima.es\/#website","url":"https:\/\/minima.es\/","name":"Minima","description":"Agencia Creativa e Inbound Marketing","publisher":{"@id":"https:\/\/minima.es\/#organization"},"potentialAction":[{"@type":"SearchAction","target":{"@type":"EntryPoint","urlTemplate":"https:\/\/minima.es\/?s={search_term_string}"},"query-input":{"@type":"PropertyValueSpecification","valueRequired":true,"valueName":"search_term_string"}}],"inLanguage":"en-US"},{"@type":"Organization","@id":"https:\/\/minima.es\/#organization","name":"M\u00ednima","url":"https:\/\/minima.es\/","logo":{"@type":"ImageObject","inLanguage":"en-US","@id":"https:\/\/minima.es\/#\/schema\/logo\/image\/","url":"https:\/\/minima.es\/wp-content\/uploads\/2021\/08\/minima-agencia-creativa-03.png","contentUrl":"https:\/\/minima.es\/wp-content\/uploads\/2021\/08\/minima-agencia-creativa-03.png","width":400,"height":400,"caption":"M\u00ednima"},"image":{"@id":"https:\/\/minima.es\/#\/schema\/logo\/image\/"},"sameAs":["https:\/\/www.facebook.com\/minimacia","https:\/\/x.com\/minimacia","https:\/\/www.instagram.com\/minimacia\/?hl=es","https:\/\/www.linkedin.com\/company\/minimacia\/","https:\/\/www.pinterest.es\/minimacia\/","https:\/\/www.youtube.com\/channel\/UCMN-_bZZzVJACd-2hAXE2IA"]}]}},"_links":{"self":[{"href":"https:\/\/minima.es\/en\/wp-json\/wp\/v2\/pages\/3972","targetHints":{"allow":["GET"]}}],"collection":[{"href":"https:\/\/minima.es\/en\/wp-json\/wp\/v2\/pages"}],"about":[{"href":"https:\/\/minima.es\/en\/wp-json\/wp\/v2\/types\/page"}],"author":[{"embeddable":true,"href":"https:\/\/minima.es\/en\/wp-json\/wp\/v2\/users\/1"}],"replies":[{"embeddable":true,"href":"https:\/\/minima.es\/en\/wp-json\/wp\/v2\/comments?post=3972"}],"version-history":[{"count":2,"href":"https:\/\/minima.es\/en\/wp-json\/wp\/v2\/pages\/3972\/revisions"}],"predecessor-version":[{"id":3974,"href":"https:\/\/minima.es\/en\/wp-json\/wp\/v2\/pages\/3972\/revisions\/3974"}],"up":[{"embeddable":true,"href":"https:\/\/minima.es\/en\/wp-json\/wp\/v2\/pages\/3956"}],"wp:featuredmedia":[{"embeddable":true,"href":"https:\/\/minima.es\/en\/wp-json\/wp\/v2\/media\/3735"}],"wp:attachment":[{"href":"https:\/\/minima.es\/en\/wp-json\/wp\/v2\/media?parent=3972"}],"curies":[{"name":"wp","href":"https:\/\/api.w.org\/{rel}","templated":true}]}}