{"id":3903,"date":"2022-01-19T15:03:51","date_gmt":"2022-01-19T15:03:51","guid":{"rendered":"https:\/\/minima.es\/branding-agency\/diseno-de-espacios\/"},"modified":"2023-05-22T13:11:19","modified_gmt":"2023-05-22T13:11:19","slug":"space-design","status":"publish","type":"page","link":"https:\/\/minima.es\/en\/branding-agency\/space-design\/","title":{"rendered":"Space Design"},"content":{"rendered":"<p>[vc_row css_animation=&#8221;&#8221; row_type=&#8221;row&#8221; use_row_as_full_screen_section=&#8221;no&#8221; type=&#8221;full_width&#8221; angled_section=&#8221;no&#8221; text_align=&#8221;left&#8221; background_image_as_pattern=&#8221;without_pattern&#8221;][vc_column offset=&#8221;vc_hidden-sm vc_hidden-xs&#8221;][vc_empty_space height=&#8221;230px&#8221;][\/vc_column][\/vc_row][vc_row css_animation=&#8221;&#8221; row_type=&#8221;row&#8221; use_row_as_full_screen_section=&#8221;no&#8221; type=&#8221;full_width&#8221; angled_section=&#8221;no&#8221; text_align=&#8221;left&#8221; background_image_as_pattern=&#8221;without_pattern&#8221;][vc_column offset=&#8221;vc_hidden-lg vc_hidden-md&#8221;][vc_empty_space height=&#8221;70px&#8221;][\/vc_column][\/vc_row][vc_row css_animation=&#8221;&#8221; row_type=&#8221;row&#8221; use_row_as_full_screen_section=&#8221;no&#8221; type=&#8221;grid&#8221; angled_section=&#8221;no&#8221; text_align=&#8221;left&#8221; background_image_as_pattern=&#8221;without_pattern&#8221; z_index=&#8221;&#8221;][vc_column][vc_column_text]<\/p>\n<h1 style=\"text-align: left;\">SPACE DESIGN<\/h1>\n<p>[\/vc_column_text][vc_empty_space height=&#8221;40px&#8221;][vc_column_text el_class=&#8221;title-feature2&#8243;]<\/p>\n<h2 style=\"text-align: left;\">branded spaces.<\/h2>\n<p>[\/vc_column_text][vc_empty_space height=&#8221;40px&#8221;][vc_row_inner row_type=&#8221;row&#8221; type=&#8221;full_width&#8221; text_align=&#8221;left&#8221; css_animation=&#8221;&#8221;][vc_column_inner width=&#8221;1\/2&#8243;][\/vc_column_inner][vc_column_inner width=&#8221;1\/2&#8243;][\/vc_column_inner][\/vc_row_inner][\/vc_column][\/vc_row][vc_row css_animation=&#8221;&#8221; row_type=&#8221;row&#8221; use_row_as_full_screen_section=&#8221;no&#8221; type=&#8221;full_width&#8221; angled_section=&#8221;no&#8221; text_align=&#8221;left&#8221; background_image_as_pattern=&#8221;without_pattern&#8221; z_index=&#8221;&#8221;][vc_column offset=&#8221;vc_hidden-md vc_hidden-sm vc_hidden-xs&#8221;][vc_empty_space height=&#8221;100px&#8221;][\/vc_column][\/vc_row][vc_row css_animation=&#8221;&#8221; row_type=&#8221;row&#8221; use_row_as_full_screen_section=&#8221;no&#8221; type=&#8221;full_width&#8221; angled_section=&#8221;no&#8221; text_align=&#8221;left&#8221; background_image_as_pattern=&#8221;without_pattern&#8221;][vc_column offset=&#8221;vc_hidden-lg vc_hidden-sm vc_hidden-xs&#8221;][vc_empty_space height=&#8221;80px&#8221;][\/vc_column][\/vc_row][vc_row css_animation=&#8221;&#8221; row_type=&#8221;row&#8221; use_row_as_full_screen_section=&#8221;no&#8221; type=&#8221;full_width&#8221; angled_section=&#8221;no&#8221; text_align=&#8221;left&#8221; background_image_as_pattern=&#8221;without_pattern&#8221; z_index=&#8221;&#8221;][vc_column width=&#8221;1\/6&#8243; offset=&#8221;vc_col-md-2 vc_hidden-sm&#8221;][\/vc_column][vc_column width=&#8221;10\/12&#8243; el_class=&#8221;resumen&#8221;][vc_row_inner row_type=&#8221;row&#8221; type=&#8221;grid&#8221; text_align=&#8221;left&#8221; css_animation=&#8221;&#8221;][vc_column_inner width=&#8221;7\/12&#8243;][vc_column_text el_class=&#8221;entradilla&#8221;]Corporate spaces, promotional spaces, brand environments are part of the user experience. At M\u00ednima, we offer conceptualisation, design and production services for spaces that reflect the philosophy and identity of the brand, and provide a coordinated and coherent discourse.[\/vc_column_text][vc_empty_space height=&#8221;20px&#8221;][\/vc_column_inner][vc_column_inner width=&#8221;4\/12&#8243;][vc_empty_space height=&#8221;10px&#8221;][vc_column_text el_class=&#8221;underline&#8221;]<\/p>\n<h2>we design the space your brand deserves<\/h2>\n<p>[\/vc_column_text][\/vc_column_inner][vc_column_inner width=&#8221;1\/12&#8243;][\/vc_column_inner][\/vc_row_inner][\/vc_column][\/vc_row][vc_row css_animation=&#8221;&#8221; row_type=&#8221;row&#8221; use_row_as_full_screen_section=&#8221;no&#8221; type=&#8221;full_width&#8221; angled_section=&#8221;no&#8221; text_align=&#8221;left&#8221; background_image_as_pattern=&#8221;without_pattern&#8221;][vc_column][vc_empty_space height=&#8221;100px&#8221;][\/vc_column][\/vc_row][vc_row css_animation=&#8221;&#8221; row_type=&#8221;row&#8221; use_row_as_full_screen_section=&#8221;no&#8221; type=&#8221;full_width&#8221; angled_section=&#8221;no&#8221; text_align=&#8221;left&#8221; background_image_as_pattern=&#8221;without_pattern&#8221;][vc_column width=&#8221;6\/12&#8243; css=&#8221;.vc_custom_1642597161229{margin-right: 0px !important;margin-left: 0px !important;padding-right: 0px !important;padding-left: 0px !important;}&#8221;][vc_single_image image=&#8221;1295&#8243; img_size=&#8221;full&#8221; alignment=&#8221;center&#8221; qode_css_animation=&#8221;&#8221;][\/vc_column][vc_column width=&#8221;5\/12&#8243; css=&#8221;.vc_custom_1642596945053{margin-right: 0px !important;margin-left: 0px !important;padding-right: 0px !important;padding-left: 0px !important;}&#8221;][vc_empty_space height=&#8221;60px&#8221;][vc_column_text el_class=&#8221;listado-servicios&#8221; css=&#8221;.vc_custom_1684760812904{padding-right: 60px !important;padding-left: 60px !important;}&#8221;]<\/p>\n<h2>Conceptualisation of Spaces.<\/h2>\n<p>[\/vc_column_text][vc_column_text el_class=&#8221;listado-servicios&#8221; css=&#8221;.vc_custom_1684760826797{padding-right: 60px !important;padding-left: 60px !important;}&#8221;]We take the concept, philosophy and tone of the brand to any type of space. We define shapes, volumes, chromatic ranges, transit areas, meeting spaces&#8230; We add the corporate narrative to the spatial interpretations.[\/vc_column_text][vc_empty_space][vc_empty_space][\/vc_column][vc_column width=&#8221;1\/12&#8243;][\/vc_column][\/vc_row][vc_row css_animation=&#8221;&#8221; row_type=&#8221;row&#8221; use_row_as_full_screen_section=&#8221;no&#8221; type=&#8221;full_width&#8221; angled_section=&#8221;no&#8221; text_align=&#8221;left&#8221; background_image_as_pattern=&#8221;without_pattern&#8221; z_index=&#8221;&#8221; background_color=&#8221;#ecc2b4&#8243; css=&#8221;.vc_custom_1642596916915{margin-right: 0px !important;margin-left: 0px !important;padding-right: 0px !important;padding-left: 0px !important;}&#8221;][vc_column width=&#8221;1\/12&#8243;][\/vc_column][vc_column width=&#8221;1\/2&#8243; offset=&#8221;vc_hidden-lg vc_hidden-md vc_hidden-sm&#8221; css=&#8221;.vc_custom_1651488518418{padding-right: 0px !important;padding-left: 0px !important;}&#8221;][vc_single_image image=&#8221;1939&#8243; img_size=&#8221;full&#8221; alignment=&#8221;center&#8221; qode_css_animation=&#8221;&#8221;][\/vc_column][vc_column width=&#8221;5\/12&#8243; css=&#8221;.vc_custom_1642597106031{padding-right: 0px !important;padding-left: 0px !important;}&#8221;][vc_empty_space height=&#8221;60px&#8221;][vc_column_text el_class=&#8221;listado-servicios&#8221; css=&#8221;.vc_custom_1684760859693{padding-right: 60px !important;padding-left: 60px !important;}&#8221;]<\/p>\n<h2>Signage.<\/h2>\n<p>[\/vc_column_text][vc_column_text el_class=&#8221;listado-servicios&#8221; css=&#8221;.vc_custom_1684760870616{padding-right: 60px !important;padding-left: 60px !important;}&#8221;]We develop customised signage systems. We assist in the construction of orientation maps, people flow and transit diagrams, internal and external signage.[\/vc_column_text][vc_empty_space][vc_empty_space][\/vc_column][vc_column width=&#8221;1\/2&#8243; css=&#8221;.vc_custom_1651488402968{margin-right: 0px !important;margin-left: 0px !important;padding-right: 0px !important;padding-left: 0px !important;}&#8221; offset=&#8221;vc_hidden-xs&#8221;][vc_single_image image=&#8221;1939&#8243; img_size=&#8221;full&#8221; alignment=&#8221;center&#8221; qode_css_animation=&#8221;&#8221;][\/vc_column][\/vc_row][vc_row css_animation=&#8221;&#8221; row_type=&#8221;row&#8221; use_row_as_full_screen_section=&#8221;no&#8221; type=&#8221;full_width&#8221; angled_section=&#8221;no&#8221; text_align=&#8221;left&#8221; background_image_as_pattern=&#8221;without_pattern&#8221;][vc_column width=&#8221;6\/12&#8243; css=&#8221;.vc_custom_1642596962788{margin-right: 0px !important;margin-left: 0px !important;padding-right: 0px !important;padding-left: 0px !important;}&#8221;][vc_single_image image=&#8221;1938&#8243; img_size=&#8221;full&#8221; alignment=&#8221;center&#8221; qode_css_animation=&#8221;&#8221;][\/vc_column][vc_column width=&#8221;5\/12&#8243; css=&#8221;.vc_custom_1642596978269{margin-right: 0px !important;margin-left: 0px !important;padding-right: 0px !important;padding-left: 0px !important;}&#8221;][vc_empty_space height=&#8221;60px&#8221;][vc_column_text el_class=&#8221;listado-servicios&#8221; css=&#8221;.vc_custom_1684760885648{padding-right: 60px !important;padding-left: 60px !important;}&#8221;]<\/p>\n<h2>Interior Design Projects.<\/h2>\n<p>[\/vc_column_text][vc_column_text el_class=&#8221;listado-servicios&#8221; css=&#8221;.vc_custom_1684760900081{padding-right: 60px !important;padding-left: 60px !important;}&#8221;]Interior design should be conceived as another expression of branding or brand identity. At M\u00ednima we offer interior design services for offices, hotels, public institutions, commercial premises&#8230;[\/vc_column_text][vc_empty_space][vc_empty_space][\/vc_column][vc_column width=&#8221;1\/12&#8243;][\/vc_column][\/vc_row][vc_row css_animation=&#8221;&#8221; row_type=&#8221;row&#8221; use_row_as_full_screen_section=&#8221;no&#8221; type=&#8221;full_width&#8221; angled_section=&#8221;no&#8221; text_align=&#8221;left&#8221; background_image_as_pattern=&#8221;without_pattern&#8221; z_index=&#8221;&#8221; background_color=&#8221;#ecc2b4&#8243;][vc_column width=&#8221;1\/12&#8243;][\/vc_column][vc_column width=&#8221;1\/2&#8243; offset=&#8221;vc_hidden-lg vc_hidden-md vc_hidden-sm&#8221;][vc_single_image image=&#8221;866&#8243; img_size=&#8221;full&#8221; alignment=&#8221;center&#8221; qode_css_animation=&#8221;&#8221;][\/vc_column][vc_column width=&#8221;5\/12&#8243; css=&#8221;.vc_custom_1642597082181{padding-right: 0px !important;padding-left: 0px !important;}&#8221;][vc_empty_space height=&#8221;60px&#8221;][vc_column_text el_class=&#8221;listado-servicios&#8221; css=&#8221;.vc_custom_1684760910667{padding-right: 60px !important;padding-left: 60px !important;}&#8221;]<\/p>\n<h2>Ephemeral Architecture.<\/h2>\n<p>[\/vc_column_text][vc_column_text el_class=&#8221;listado-servicios&#8221; css=&#8221;.vc_custom_1684760921310{padding-right: 60px !important;padding-left: 60px !important;}&#8221;]We create temporary spaces that seek maximum impact and comfort. We can generate modular and scalable ephemeral architecture projects, with the capacity to stand out at exhibitions, fairs and meetings.[\/vc_column_text][vc_empty_space][vc_empty_space][\/vc_column][vc_column width=&#8221;1\/2&#8243; css=&#8221;.vc_custom_1651488444473{margin-right: 0px !important;margin-left: 0px !important;padding-right: 0px !important;padding-left: 0px !important;}&#8221; offset=&#8221;vc_hidden-xs&#8221;][vc_single_image image=&#8221;866&#8243; img_size=&#8221;full&#8221; alignment=&#8221;center&#8221; qode_css_animation=&#8221;&#8221;][\/vc_column][\/vc_row][vc_row css_animation=&#8221;&#8221; row_type=&#8221;row&#8221; use_row_as_full_screen_section=&#8221;no&#8221; type=&#8221;full_width&#8221; angled_section=&#8221;no&#8221; text_align=&#8221;left&#8221; background_image_as_pattern=&#8221;without_pattern&#8221;][vc_column width=&#8221;6\/12&#8243; css=&#8221;.vc_custom_1642596962788{margin-right: 0px !important;margin-left: 0px !important;padding-right: 0px !important;padding-left: 0px !important;}&#8221;][vc_single_image image=&#8221;669&#8243; img_size=&#8221;full&#8221; alignment=&#8221;center&#8221; qode_css_animation=&#8221;&#8221;][\/vc_column][vc_column width=&#8221;5\/12&#8243; css=&#8221;.vc_custom_1642596978269{margin-right: 0px !important;margin-left: 0px !important;padding-right: 0px !important;padding-left: 0px !important;}&#8221;][vc_empty_space height=&#8221;60px&#8221;][vc_column_text el_class=&#8221;listado-servicios&#8221; css=&#8221;.vc_custom_1684760931424{padding-right: 60px !important;padding-left: 60px !important;}&#8221;]<\/p>\n<h2>Stands.<\/h2>\n<p>[\/vc_column_text][vc_column_text el_class=&#8221;listado-servicios&#8221; css=&#8221;.vc_custom_1684760947028{padding-right: 60px !important;padding-left: 60px !important;}&#8221;]Stands for trade fairs, commercial stands, point-of-sale stands&#8230; Whatever the objective of your action, we can develop a multifunctional stand.[\/vc_column_text][vc_empty_space][vc_empty_space][\/vc_column][vc_column width=&#8221;1\/12&#8243;][\/vc_column][\/vc_row][vc_row css_animation=&#8221;&#8221; row_type=&#8221;row&#8221; use_row_as_full_screen_section=&#8221;no&#8221; type=&#8221;grid&#8221; angled_section=&#8221;no&#8221; text_align=&#8221;left&#8221; background_image_as_pattern=&#8221;without_pattern&#8221; z_index=&#8221;&#8221; padding_top=&#8221;100&#8243; padding_bottom=&#8221;100&#8243; background_color=&#8221;#333333&#8243; el_class=&#8221;blanco&#8221;][vc_column width=&#8221;1\/3&#8243;][vc_empty_space height=&#8221;15px&#8221;][vc_column_text el_class=&#8221;underline&#8221;]<\/p>\n<h2>We work with every expression of the brand<\/h2>\n<p>[\/vc_column_text][\/vc_column][vc_column width=&#8221;2\/3&#8243;][vc_column_text]The naming, the logo, physical supports, corporate websites, digital supports, corporate texts&#8230; we work with all the expressions of your brand to generate an identity that represents you.<\/p>\n<p>Take a moment to look your brand in the eye, ask yourself what it is, who it speaks to and how. If you consider that your corporate, product or service identity has room for improvement or has become obsolete, it is the perfect time for us to talk.[\/vc_column_text][\/vc_column][\/vc_row][vc_row css_animation=&#8221;&#8221; row_type=&#8221;row&#8221; use_row_as_full_screen_section=&#8221;no&#8221; type=&#8221;full_width&#8221; angled_section=&#8221;no&#8221; text_align=&#8221;left&#8221; background_image_as_pattern=&#8221;without_pattern&#8221;][vc_column][vc_empty_space height=&#8221;100px&#8221;][\/vc_column][\/vc_row][vc_row css_animation=&#8221;&#8221; row_type=&#8221;row&#8221; use_row_as_full_screen_section=&#8221;no&#8221; type=&#8221;grid&#8221; angled_section=&#8221;no&#8221; text_align=&#8221;left&#8221; background_image_as_pattern=&#8221;without_pattern&#8221; z_index=&#8221;&#8221;][vc_column][vc_column_text]<\/p>\n<h6>projects of<br \/>\n<u>design of spaces.<\/u><\/h6>\n<p>[\/vc_column_text][vc_empty_space height=&#8221;60px&#8221;][\/vc_column][\/vc_row][vc_row css_animation=&#8221;&#8221; row_type=&#8221;row&#8221; use_row_as_full_screen_section=&#8221;no&#8221; type=&#8221;full_width&#8221; angled_section=&#8221;no&#8221; text_align=&#8221;left&#8221; background_image_as_pattern=&#8221;without_pattern&#8221;][vc_column]<div class='projects_holder_outer v4 portfolio_with_space portfolio_standard  masonry_with_space  masonry_with_space_only_image'>\n        <div class='projects_holder portfolio_main_holder clearfix v4 standard portfolio_full_image portfolio_one_by_one'>\n                    <div class=\"qode-portfolio-masonry-gallery-grid-sizer\"><\/div>\n            <div class=\"qode-portfolio-masonry-gallery-grid-gutter\"><\/div>\n        \n        <article class='mix portfolio_category_70 portfolio_category_75 portfolio_category_77 portfolio_category_79 default' style='padding: 0 5px;margin-bottom: 10px !important;'>\n    \n    \n    \n                <div class='image_holder'>\n                <a itemprop='url' class='portfolio_link_for_touch' href='https:\/\/minima.es\/en\/proyecto\/el-horcon\/' >\n                    \n<span class='image'><img loading=\"lazy\" decoding=\"async\" width=\"500\" height=\"500\" src=\"https:\/\/minima.es\/wp-content\/uploads\/2021\/06\/branding-el-horcon-00.jpg\" class=\"attachment-portfolio_masonry_with_space size-portfolio_masonry_with_space wp-post-image\" alt=\"\" srcset=\"https:\/\/minima.es\/wp-content\/uploads\/2021\/06\/branding-el-horcon-00.jpg 500w, https:\/\/minima.es\/wp-content\/uploads\/2021\/06\/branding-el-horcon-00-300x300.jpg 300w, https:\/\/minima.es\/wp-content\/uploads\/2021\/06\/branding-el-horcon-00-150x150.jpg 150w\" sizes=\"auto, (max-width: 500px) 100vw, 500px\" \/><\/span>                <\/a>\n\n                <span class='text_holder'>\n    <span class='text_outer'>\n        <span class='text_inner'>\n            <div class=\"hover_feature_holder_title\">\n                <div class=\"hover_feature_holder_title_inner\">\n                    \n                        \n    <h2 itemprop=\"name\" class=\"portfolio_title entry_title\"><a itemprop=\"url\" href=\"https:\/\/minima.es\/en\/proyecto\/el-horcon\/\" style=\"color: #ffffff;font-size: 18px\" target=\"_self\"> El Horc\u00f3n<\/a><\/h2>\n\n\n                        \n                            <span class=\"project_category\" style=\"color: #ffffff\" >\n    Audiovisual, Corporate Identity, Logo, Naming    <\/span>\n\n                                    <\/div>\n            <\/div>\n\n            \n        <\/span>\n    <\/span>\n<\/span>\n            <\/div>\n                    \n    \n<\/article>\n<article class='mix portfolio_category_75 portfolio_category_77 default' style='padding: 0 5px;margin-bottom: 10px !important;'>\n    \n    \n    \n                <div class='image_holder'>\n                <a itemprop='url' class='portfolio_link_for_touch' href='https:\/\/minima.es\/en\/proyecto\/cij-centro-de-informacion-juvenil\/' >\n                    \n<span class='image'><img loading=\"lazy\" decoding=\"async\" width=\"500\" height=\"500\" src=\"https:\/\/minima.es\/wp-content\/uploads\/2021\/07\/branding-cij-00.jpg\" class=\"attachment-portfolio_masonry_with_space size-portfolio_masonry_with_space wp-post-image\" alt=\"\" srcset=\"https:\/\/minima.es\/wp-content\/uploads\/2021\/07\/branding-cij-00.jpg 500w, https:\/\/minima.es\/wp-content\/uploads\/2021\/07\/branding-cij-00-300x300.jpg 300w, https:\/\/minima.es\/wp-content\/uploads\/2021\/07\/branding-cij-00-150x150.jpg 150w\" sizes=\"auto, (max-width: 500px) 100vw, 500px\" \/><\/span>                <\/a>\n\n                <span class='text_holder'>\n    <span class='text_outer'>\n        <span class='text_inner'>\n            <div class=\"hover_feature_holder_title\">\n                <div class=\"hover_feature_holder_title_inner\">\n                    \n                        \n    <h2 itemprop=\"name\" class=\"portfolio_title entry_title\"><a itemprop=\"url\" href=\"https:\/\/minima.es\/en\/proyecto\/cij-centro-de-informacion-juvenil\/\" style=\"color: #ffffff;font-size: 18px\" target=\"_self\"> CIJ | Centro de Informaci\u00f3n Juvenil<\/a><\/h2>\n\n\n                        \n                            <span class=\"project_category\" style=\"color: #ffffff\" >\n    Corporate Identity, Logo    <\/span>\n\n                                    <\/div>\n            <\/div>\n\n            \n        <\/span>\n    <\/span>\n<\/span>\n            <\/div>\n                    \n    \n<\/article>\n<article class='mix portfolio_category_70 portfolio_category_68 portfolio_category_75 portfolio_category_67 portfolio_category_77 portfolio_category_82 default' style='padding: 0 5px;margin-bottom: 10px !important;'>\n    \n    \n        <span class=\"qode-portfolio-new-badge\">\n        Adward    <\/span>\n\n                <div class='image_holder'>\n                <a itemprop='url' class='portfolio_link_for_touch' href='https:\/\/minima.es\/en\/proyecto\/festival-de-tenerife\/' >\n                    \n<span class='image'><img loading=\"lazy\" decoding=\"async\" width=\"500\" height=\"1010\" src=\"https:\/\/minima.es\/wp-content\/uploads\/2021\/07\/branding-festival-de-tenerife-000.jpg\" class=\"attachment-portfolio_masonry_with_space size-portfolio_masonry_with_space wp-post-image\" alt=\"\" srcset=\"https:\/\/minima.es\/wp-content\/uploads\/2021\/07\/branding-festival-de-tenerife-000.jpg 500w, https:\/\/minima.es\/wp-content\/uploads\/2021\/07\/branding-festival-de-tenerife-000-149x300.jpg 149w, https:\/\/minima.es\/wp-content\/uploads\/2021\/07\/branding-festival-de-tenerife-000-74x150.jpg 74w\" sizes=\"auto, (max-width: 500px) 100vw, 500px\" \/><\/span>                <\/a>\n\n                <span class='text_holder'>\n    <span class='text_outer'>\n        <span class='text_inner'>\n            <div class=\"hover_feature_holder_title\">\n                <div class=\"hover_feature_holder_title_inner\">\n                    \n                        \n    <h2 itemprop=\"name\" class=\"portfolio_title entry_title\"><a itemprop=\"url\" href=\"https:\/\/minima.es\/en\/proyecto\/festival-de-tenerife\/\" style=\"color: #ffffff;font-size: 18px\" target=\"_self\"> Festival de Tenerife<\/a><\/h2>\n\n\n                        \n                            <span class=\"project_category\" style=\"color: #ffffff\" >\n    Audiovisual, Award, Corporate Identity, Editorial, Logo, Silver Award    <\/span>\n\n                                    <\/div>\n            <\/div>\n\n            \n        <\/span>\n    <\/span>\n<\/span>\n            <\/div>\n                    \n    \n<\/article>\n<article class='mix portfolio_category_68 portfolio_category_75 portfolio_category_81 portfolio_category_77 default' style='padding: 0 5px;margin-bottom: 10px !important;'>\n    \n    \n        <span class=\"qode-portfolio-new-badge\">\n        Adward    <\/span>\n\n                <div class='image_holder'>\n                <a itemprop='url' class='portfolio_link_for_touch' href='https:\/\/minima.es\/en\/proyecto\/olympo\/' >\n                    \n<span class='image'><img loading=\"lazy\" decoding=\"async\" width=\"500\" height=\"500\" src=\"https:\/\/minima.es\/wp-content\/uploads\/2021\/07\/branding-olympo-00.jpg\" class=\"attachment-portfolio_masonry_with_space size-portfolio_masonry_with_space wp-post-image\" alt=\"\" srcset=\"https:\/\/minima.es\/wp-content\/uploads\/2021\/07\/branding-olympo-00.jpg 500w, https:\/\/minima.es\/wp-content\/uploads\/2021\/07\/branding-olympo-00-300x300.jpg 300w, https:\/\/minima.es\/wp-content\/uploads\/2021\/07\/branding-olympo-00-150x150.jpg 150w\" sizes=\"auto, (max-width: 500px) 100vw, 500px\" \/><\/span>                <\/a>\n\n                <span class='text_holder'>\n    <span class='text_outer'>\n        <span class='text_inner'>\n            <div class=\"hover_feature_holder_title\">\n                <div class=\"hover_feature_holder_title_inner\">\n                    \n                        \n    <h2 itemprop=\"name\" class=\"portfolio_title entry_title\"><a itemprop=\"url\" href=\"https:\/\/minima.es\/en\/proyecto\/olympo\/\" style=\"color: #ffffff;font-size: 18px\" target=\"_self\"> Olympo<\/a><\/h2>\n\n\n                        \n                            <span class=\"project_category\" style=\"color: #ffffff\" >\n    Award, Corporate Identity, Gold Award, Logo    <\/span>\n\n                                    <\/div>\n            <\/div>\n\n            \n        <\/span>\n    <\/span>\n<\/span>\n            <\/div>\n                    \n    \n<\/article>\n<article class='mix portfolio_category_75 portfolio_category_77 default' style='padding: 0 5px;margin-bottom: 10px !important;'>\n    \n    \n    \n                <div class='image_holder'>\n                <a itemprop='url' class='portfolio_link_for_touch' href='https:\/\/minima.es\/en\/proyecto\/miradas-doc\/' >\n                    \n<span class='image'><img loading=\"lazy\" decoding=\"async\" width=\"500\" height=\"500\" src=\"https:\/\/minima.es\/wp-content\/uploads\/2021\/07\/branding-miradas-doc-00-1.jpg\" class=\"attachment-portfolio_masonry_with_space size-portfolio_masonry_with_space wp-post-image\" alt=\"\" srcset=\"https:\/\/minima.es\/wp-content\/uploads\/2021\/07\/branding-miradas-doc-00-1.jpg 500w, https:\/\/minima.es\/wp-content\/uploads\/2021\/07\/branding-miradas-doc-00-1-300x300.jpg 300w, https:\/\/minima.es\/wp-content\/uploads\/2021\/07\/branding-miradas-doc-00-1-150x150.jpg 150w\" sizes=\"auto, (max-width: 500px) 100vw, 500px\" \/><\/span>                <\/a>\n\n                <span class='text_holder'>\n    <span class='text_outer'>\n        <span class='text_inner'>\n            <div class=\"hover_feature_holder_title\">\n                <div class=\"hover_feature_holder_title_inner\">\n                    \n                        \n    <h2 itemprop=\"name\" class=\"portfolio_title entry_title\"><a itemprop=\"url\" href=\"https:\/\/minima.es\/en\/proyecto\/miradas-doc\/\" style=\"color: #ffffff;font-size: 18px\" target=\"_self\"> Miradas Doc<\/a><\/h2>\n\n\n                        \n                            <span class=\"project_category\" style=\"color: #ffffff\" >\n    Corporate Identity, Logo    <\/span>\n\n                                    <\/div>\n            <\/div>\n\n            \n        <\/span>\n    <\/span>\n<\/span>\n            <\/div>\n                    \n    \n<\/article>\n<article class='mix portfolio_category_75 portfolio_category_77 portfolio_category_79 default' style='padding: 0 5px;margin-bottom: 10px !important;'>\n    \n    \n    \n                <div class='image_holder'>\n                <a itemprop='url' class='portfolio_link_for_touch' href='https:\/\/minima.es\/en\/proyecto\/plaza-grande\/' >\n                    \n<span class='image'><img loading=\"lazy\" decoding=\"async\" width=\"500\" height=\"500\" src=\"https:\/\/minima.es\/wp-content\/uploads\/2021\/06\/branding-plaza-grande-01.jpg\" class=\"attachment-portfolio_masonry_with_space size-portfolio_masonry_with_space wp-post-image\" alt=\"\" srcset=\"https:\/\/minima.es\/wp-content\/uploads\/2021\/06\/branding-plaza-grande-01.jpg 500w, https:\/\/minima.es\/wp-content\/uploads\/2021\/06\/branding-plaza-grande-01-300x300.jpg 300w, https:\/\/minima.es\/wp-content\/uploads\/2021\/06\/branding-plaza-grande-01-150x150.jpg 150w\" sizes=\"auto, (max-width: 500px) 100vw, 500px\" \/><\/span>                <\/a>\n\n                <span class='text_holder'>\n    <span class='text_outer'>\n        <span class='text_inner'>\n            <div class=\"hover_feature_holder_title\">\n                <div class=\"hover_feature_holder_title_inner\">\n                    \n                        \n    <h2 itemprop=\"name\" class=\"portfolio_title entry_title\"><a itemprop=\"url\" href=\"https:\/\/minima.es\/en\/proyecto\/plaza-grande\/\" style=\"color: #ffffff;font-size: 18px\" target=\"_self\"> Plaza Grande<\/a><\/h2>\n\n\n                        \n                            <span class=\"project_category\" style=\"color: #ffffff\" >\n    Corporate Identity, Logo, Naming    <\/span>\n\n                                    <\/div>\n            <\/div>\n\n            \n        <\/span>\n    <\/span>\n<\/span>\n            <\/div>\n                    \n    \n<\/article>\n        <div class='filler'><\/div>\n            <div class='filler'><\/div>\n            <div class='filler'><\/div>\n            <div class='filler'><\/div>\n        <\/div>\n\n    \n    <\/div>[vc_empty_space height=&#8221;30px&#8221;][vc_row_inner row_type=&#8221;row&#8221; type=&#8221;full_width&#8221; text_align=&#8221;center&#8221; css_animation=&#8221;&#8221;][vc_column_inner]<a  itemprop=\"url\" href=\"https:\/\/minima.es\/proyectos\/\" target=\"_self\"  class=\"qbutton  default\" style=\"\">All projects<\/a>[\/vc_column_inner][\/vc_row_inner][\/vc_column][\/vc_row][vc_row css_animation=&#8221;&#8221; row_type=&#8221;row&#8221; use_row_as_full_screen_section=&#8221;no&#8221; type=&#8221;full_width&#8221; angled_section=&#8221;no&#8221; text_align=&#8221;left&#8221; background_image_as_pattern=&#8221;without_pattern&#8221;][vc_column][vc_empty_space height=&#8221;100px&#8221;][\/vc_column][\/vc_row][vc_row css_animation=&#8221;&#8221; row_type=&#8221;row&#8221; use_row_as_full_screen_section=&#8221;no&#8221; type=&#8221;grid&#8221; angled_section=&#8221;no&#8221; text_align=&#8221;left&#8221; background_image_as_pattern=&#8221;without_pattern&#8221; z_index=&#8221;&#8221; padding_top=&#8221;50&#8243; padding_bottom=&#8221;50&#8243; background_color=&#8221;#f3d8cf&#8221;][vc_column width=&#8221;1\/2&#8243;][vc_empty_space][vc_column_text]<\/p>\n<h6>Shall we talk about it?<\/h6>\n<p>[\/vc_column_text][vc_empty_space][vc_column_text el_class=&#8221;.&#8221;]If you have a project in its early stages, where the discourse is yet to be defined but the sights are high, call us and we will build a brand without limits, conceived under the highest standards.<\/p>\n<p>Turn your brand into your company&#8217;s main asset, let&#8217;s talk![\/vc_column_text][\/vc_column][vc_column width=&#8221;1\/2&#8243;][vc_empty_space][vc_raw_html]JTNDJTIxLS0lNUJpZiUyMGx0ZSUyMElFJTIwOCU1RCUzRSUwQSUzQ3NjcmlwdCUyMGNoYXJzZXQlM0QlMjJ1dGYtOCUyMiUyMHR5cGUlM0QlMjJ0ZXh0JTJGamF2YXNjcmlwdCUyMiUyMHNyYyUzRCUyMiUyRiUyRmpzLmhzZm9ybXMubmV0JTJGZm9ybXMlMkZ2Mi1sZWdhY3kuanMlMjIlM0UlM0MlMkZzY3JpcHQlM0UlMEElM0MlMjElNUJlbmRpZiU1RC0tJTNFJTBBJTNDc2NyaXB0JTIwY2hhcnNldCUzRCUyMnV0Zi04JTIyJTIwdHlwZSUzRCUyMnRleHQlMkZqYXZhc2NyaXB0JTIyJTIwc3JjJTNEJTIyJTJGJTJGanMuaHNmb3Jtcy5uZXQlMkZmb3JtcyUyRnYyLmpzJTIyJTNFJTNDJTJGc2NyaXB0JTNFJTBBJTNDc2NyaXB0JTNFJTBBJTIwJTIwaGJzcHQuZm9ybXMuY3JlYXRlJTI4JTdCJTBBJTA5cmVnaW9uJTNBJTIwJTIybmExJTIyJTJDJTBBJTA5cG9ydGFsSWQlM0ElMjAlMjIyNzI1MjUyJTIyJTJDJTBBJTA5Zm9ybUlkJTNBJTIwJTIyOTE1ZDRmN2UtYTY0Yi00NDlkLWEzMDMtN2U4ZmMxYTU1YTU4JTIyJTBBJTdEJTI5JTNCJTBBJTNDJTJGc2NyaXB0JTNF[\/vc_raw_html][\/vc_column][\/vc_row]<\/p>\n","protected":false},"excerpt":{"rendered":"<p>[vc_row css_animation=&#8221;&#8221; row_type=&#8221;row&#8221; use_row_as_full_screen_section=&#8221;no&#8221; type=&#8221;full_width&#8221; angled_section=&#8221;no&#8221; text_align=&#8221;left&#8221; background_image_as_pattern=&#8221;without_pattern&#8221;][vc_column offset=&#8221;vc_hidden-sm vc_hidden-xs&#8221;][vc_empty_space height=&#8221;230px&#8221;][\/vc_column][\/vc_row][vc_row css_animation=&#8221;&#8221; row_type=&#8221;row&#8221; use_row_as_full_screen_section=&#8221;no&#8221; type=&#8221;full_width&#8221; angled_section=&#8221;no&#8221; text_align=&#8221;left&#8221; background_image_as_pattern=&#8221;without_pattern&#8221;][vc_column offset=&#8221;vc_hidden-lg vc_hidden-md&#8221;][vc_empty_space height=&#8221;70px&#8221;][\/vc_column][\/vc_row][vc_row css_animation=&#8221;&#8221; row_type=&#8221;row&#8221; use_row_as_full_screen_section=&#8221;no&#8221; type=&#8221;grid&#8221; angled_section=&#8221;no&#8221; text_align=&#8221;left&#8221; background_image_as_pattern=&#8221;without_pattern&#8221; z_index=&#8221;&#8221;][vc_column][vc_column_text] SPACE DESIGN [\/vc_column_text][vc_empty_space height=&#8221;40px&#8221;][vc_column_text el_class=&#8221;title-feature2&#8243;] branded spaces. [\/vc_column_text][vc_empty_space height=&#8221;40px&#8221;][vc_row_inner row_type=&#8221;row&#8221; type=&#8221;full_width&#8221; text_align=&#8221;left&#8221; css_animation=&#8221;&#8221;][vc_column_inner width=&#8221;1\/2&#8243;][\/vc_column_inner][vc_column_inner width=&#8221;1\/2&#8243;][\/vc_column_inner][\/vc_row_inner][\/vc_column][\/vc_row][vc_row css_animation=&#8221;&#8221;&#8230;<\/p>\n","protected":false},"author":1,"featured_media":3735,"parent":3898,"menu_order":0,"comment_status":"closed","ping_status":"closed","template":"full_width.php","meta":{"footnotes":""},"class_list":["post-3903","page","type-page","status-publish","has-post-thumbnail","hentry"],"yoast_head":"<!-- This site is optimized with the Yoast SEO Premium plugin v21.2 (Yoast SEO v27.1.1) - https:\/\/yoast.com\/product\/yoast-seo-premium-wordpress\/ -->\n<title>Dise\u00f1o de Espacios para tu Marcas | Interiorismo, Stands... | Minima<\/title>\n<meta name=\"description\" content=\"En M\u00ednima, ofrecemos servicios de conceptualizaci\u00f3n, dise\u00f1o y producci\u00f3n de espacios que plasman la filosof\u00eda e identidad de marca.\" \/>\n<meta name=\"robots\" content=\"index, follow, max-snippet:-1, max-image-preview:large, max-video-preview:-1\" \/>\n<link rel=\"canonical\" href=\"https:\/\/minima.es\/en\/branding-agency\/space-design\/\" \/>\n<meta property=\"og:locale\" content=\"en_US\" \/>\n<meta property=\"og:type\" content=\"article\" \/>\n<meta property=\"og:title\" content=\"Dise\u00f1o de Espacios para marcas\" \/>\n<meta property=\"og:description\" content=\"En M\u00ednima, ofrecemos servicios de conceptualizaci\u00f3n, dise\u00f1o y producci\u00f3n de espacios que plasman la filosof\u00eda e identidad de marca.\" \/>\n<meta property=\"og:url\" content=\"https:\/\/minima.es\/en\/branding-agency\/space-design\/\" \/>\n<meta property=\"og:site_name\" content=\"Minima\" \/>\n<meta property=\"article:publisher\" content=\"https:\/\/www.facebook.com\/minimacia\" \/>\n<meta property=\"article:modified_time\" content=\"2023-05-22T13:11:19+00:00\" \/>\n<meta property=\"og:image\" content=\"https:\/\/minima.es\/wp-content\/uploads\/2021\/08\/minima-agencia-creativa-03.png\" \/>\n\t<meta property=\"og:image:width\" content=\"400\" \/>\n\t<meta property=\"og:image:height\" content=\"400\" \/>\n\t<meta property=\"og:image:type\" content=\"image\/png\" \/>\n<meta name=\"twitter:card\" content=\"summary_large_image\" \/>\n<meta name=\"twitter:title\" content=\"Dise\u00f1o de Espacios para marcas\" \/>\n<meta name=\"twitter:description\" content=\"En M\u00ednima, ofrecemos servicios de conceptualizaci\u00f3n, dise\u00f1o y producci\u00f3n de espacios que plasman la filosof\u00eda e identidad de marca.\" \/>\n<meta name=\"twitter:site\" content=\"@minimacia\" \/>\n<meta name=\"twitter:label1\" content=\"Est. reading time\" \/>\n\t<meta name=\"twitter:data1\" content=\"4 minutes\" \/>\n<script type=\"application\/ld+json\" class=\"yoast-schema-graph\">{\"@context\":\"https:\/\/schema.org\",\"@graph\":[{\"@type\":\"WebPage\",\"@id\":\"https:\/\/minima.es\/en\/branding-agency\/space-design\/\",\"url\":\"https:\/\/minima.es\/en\/branding-agency\/space-design\/\",\"name\":\"Dise\u00f1o de Espacios para tu Marcas | Interiorismo, Stands... | Minima\",\"isPartOf\":{\"@id\":\"https:\/\/minima.es\/#website\"},\"primaryImageOfPage\":{\"@id\":\"https:\/\/minima.es\/en\/branding-agency\/space-design\/#primaryimage\"},\"image\":{\"@id\":\"https:\/\/minima.es\/en\/branding-agency\/space-design\/#primaryimage\"},\"thumbnailUrl\":\"https:\/\/minima.es\/wp-content\/uploads\/2021\/08\/minima-agencia-creativa-03.png\",\"datePublished\":\"2022-01-19T15:03:51+00:00\",\"dateModified\":\"2023-05-22T13:11:19+00:00\",\"description\":\"En M\u00ednima, ofrecemos servicios de conceptualizaci\u00f3n, dise\u00f1o y producci\u00f3n de espacios que plasman la filosof\u00eda e identidad de marca.\",\"breadcrumb\":{\"@id\":\"https:\/\/minima.es\/en\/branding-agency\/space-design\/#breadcrumb\"},\"inLanguage\":\"en-US\",\"potentialAction\":[{\"@type\":\"ReadAction\",\"target\":[\"https:\/\/minima.es\/en\/branding-agency\/space-design\/\"]}]},{\"@type\":\"ImageObject\",\"inLanguage\":\"en-US\",\"@id\":\"https:\/\/minima.es\/en\/branding-agency\/space-design\/#primaryimage\",\"url\":\"https:\/\/minima.es\/wp-content\/uploads\/2021\/08\/minima-agencia-creativa-03.png\",\"contentUrl\":\"https:\/\/minima.es\/wp-content\/uploads\/2021\/08\/minima-agencia-creativa-03.png\",\"width\":400,\"height\":400},{\"@type\":\"BreadcrumbList\",\"@id\":\"https:\/\/minima.es\/en\/branding-agency\/space-design\/#breadcrumb\",\"itemListElement\":[{\"@type\":\"ListItem\",\"position\":1,\"name\":\"Portada\",\"item\":\"https:\/\/minima.es\/en\/\"},{\"@type\":\"ListItem\",\"position\":2,\"name\":\"Branding Agency\",\"item\":\"https:\/\/minima.es\/en\/branding-agency\/\"},{\"@type\":\"ListItem\",\"position\":3,\"name\":\"Space Design\"}]},{\"@type\":\"WebSite\",\"@id\":\"https:\/\/minima.es\/#website\",\"url\":\"https:\/\/minima.es\/\",\"name\":\"Minima\",\"description\":\"Agencia Creativa e Inbound Marketing\",\"publisher\":{\"@id\":\"https:\/\/minima.es\/#organization\"},\"potentialAction\":[{\"@type\":\"SearchAction\",\"target\":{\"@type\":\"EntryPoint\",\"urlTemplate\":\"https:\/\/minima.es\/?s={search_term_string}\"},\"query-input\":{\"@type\":\"PropertyValueSpecification\",\"valueRequired\":true,\"valueName\":\"search_term_string\"}}],\"inLanguage\":\"en-US\"},{\"@type\":\"Organization\",\"@id\":\"https:\/\/minima.es\/#organization\",\"name\":\"M\u00ednima\",\"url\":\"https:\/\/minima.es\/\",\"logo\":{\"@type\":\"ImageObject\",\"inLanguage\":\"en-US\",\"@id\":\"https:\/\/minima.es\/#\/schema\/logo\/image\/\",\"url\":\"https:\/\/minima.es\/wp-content\/uploads\/2021\/08\/minima-agencia-creativa-03.png\",\"contentUrl\":\"https:\/\/minima.es\/wp-content\/uploads\/2021\/08\/minima-agencia-creativa-03.png\",\"width\":400,\"height\":400,\"caption\":\"M\u00ednima\"},\"image\":{\"@id\":\"https:\/\/minima.es\/#\/schema\/logo\/image\/\"},\"sameAs\":[\"https:\/\/www.facebook.com\/minimacia\",\"https:\/\/x.com\/minimacia\",\"https:\/\/www.instagram.com\/minimacia\/?hl=es\",\"https:\/\/www.linkedin.com\/company\/minimacia\/\",\"https:\/\/www.pinterest.es\/minimacia\/\",\"https:\/\/www.youtube.com\/channel\/UCMN-_bZZzVJACd-2hAXE2IA\"]}]}<\/script>\n<!-- \/ Yoast SEO Premium plugin. -->","yoast_head_json":{"title":"Dise\u00f1o de Espacios para tu Marcas | Interiorismo, Stands... | Minima","description":"En M\u00ednima, ofrecemos servicios de conceptualizaci\u00f3n, dise\u00f1o y producci\u00f3n de espacios que plasman la filosof\u00eda e identidad de marca.","robots":{"index":"index","follow":"follow","max-snippet":"max-snippet:-1","max-image-preview":"max-image-preview:large","max-video-preview":"max-video-preview:-1"},"canonical":"https:\/\/minima.es\/en\/branding-agency\/space-design\/","og_locale":"en_US","og_type":"article","og_title":"Dise\u00f1o de Espacios para marcas","og_description":"En M\u00ednima, ofrecemos servicios de conceptualizaci\u00f3n, dise\u00f1o y producci\u00f3n de espacios que plasman la filosof\u00eda e identidad de marca.","og_url":"https:\/\/minima.es\/en\/branding-agency\/space-design\/","og_site_name":"Minima","article_publisher":"https:\/\/www.facebook.com\/minimacia","article_modified_time":"2023-05-22T13:11:19+00:00","og_image":[{"width":400,"height":400,"url":"https:\/\/minima.es\/wp-content\/uploads\/2021\/08\/minima-agencia-creativa-03.png","type":"image\/png"}],"twitter_card":"summary_large_image","twitter_title":"Dise\u00f1o de Espacios para marcas","twitter_description":"En M\u00ednima, ofrecemos servicios de conceptualizaci\u00f3n, dise\u00f1o y producci\u00f3n de espacios que plasman la filosof\u00eda e identidad de marca.","twitter_site":"@minimacia","twitter_misc":{"Est. reading time":"4 minutes"},"schema":{"@context":"https:\/\/schema.org","@graph":[{"@type":"WebPage","@id":"https:\/\/minima.es\/en\/branding-agency\/space-design\/","url":"https:\/\/minima.es\/en\/branding-agency\/space-design\/","name":"Dise\u00f1o de Espacios para tu Marcas | Interiorismo, Stands... | Minima","isPartOf":{"@id":"https:\/\/minima.es\/#website"},"primaryImageOfPage":{"@id":"https:\/\/minima.es\/en\/branding-agency\/space-design\/#primaryimage"},"image":{"@id":"https:\/\/minima.es\/en\/branding-agency\/space-design\/#primaryimage"},"thumbnailUrl":"https:\/\/minima.es\/wp-content\/uploads\/2021\/08\/minima-agencia-creativa-03.png","datePublished":"2022-01-19T15:03:51+00:00","dateModified":"2023-05-22T13:11:19+00:00","description":"En M\u00ednima, ofrecemos servicios de conceptualizaci\u00f3n, dise\u00f1o y producci\u00f3n de espacios que plasman la filosof\u00eda e identidad de marca.","breadcrumb":{"@id":"https:\/\/minima.es\/en\/branding-agency\/space-design\/#breadcrumb"},"inLanguage":"en-US","potentialAction":[{"@type":"ReadAction","target":["https:\/\/minima.es\/en\/branding-agency\/space-design\/"]}]},{"@type":"ImageObject","inLanguage":"en-US","@id":"https:\/\/minima.es\/en\/branding-agency\/space-design\/#primaryimage","url":"https:\/\/minima.es\/wp-content\/uploads\/2021\/08\/minima-agencia-creativa-03.png","contentUrl":"https:\/\/minima.es\/wp-content\/uploads\/2021\/08\/minima-agencia-creativa-03.png","width":400,"height":400},{"@type":"BreadcrumbList","@id":"https:\/\/minima.es\/en\/branding-agency\/space-design\/#breadcrumb","itemListElement":[{"@type":"ListItem","position":1,"name":"Portada","item":"https:\/\/minima.es\/en\/"},{"@type":"ListItem","position":2,"name":"Branding Agency","item":"https:\/\/minima.es\/en\/branding-agency\/"},{"@type":"ListItem","position":3,"name":"Space Design"}]},{"@type":"WebSite","@id":"https:\/\/minima.es\/#website","url":"https:\/\/minima.es\/","name":"Minima","description":"Agencia Creativa e Inbound Marketing","publisher":{"@id":"https:\/\/minima.es\/#organization"},"potentialAction":[{"@type":"SearchAction","target":{"@type":"EntryPoint","urlTemplate":"https:\/\/minima.es\/?s={search_term_string}"},"query-input":{"@type":"PropertyValueSpecification","valueRequired":true,"valueName":"search_term_string"}}],"inLanguage":"en-US"},{"@type":"Organization","@id":"https:\/\/minima.es\/#organization","name":"M\u00ednima","url":"https:\/\/minima.es\/","logo":{"@type":"ImageObject","inLanguage":"en-US","@id":"https:\/\/minima.es\/#\/schema\/logo\/image\/","url":"https:\/\/minima.es\/wp-content\/uploads\/2021\/08\/minima-agencia-creativa-03.png","contentUrl":"https:\/\/minima.es\/wp-content\/uploads\/2021\/08\/minima-agencia-creativa-03.png","width":400,"height":400,"caption":"M\u00ednima"},"image":{"@id":"https:\/\/minima.es\/#\/schema\/logo\/image\/"},"sameAs":["https:\/\/www.facebook.com\/minimacia","https:\/\/x.com\/minimacia","https:\/\/www.instagram.com\/minimacia\/?hl=es","https:\/\/www.linkedin.com\/company\/minimacia\/","https:\/\/www.pinterest.es\/minimacia\/","https:\/\/www.youtube.com\/channel\/UCMN-_bZZzVJACd-2hAXE2IA"]}]}},"_links":{"self":[{"href":"https:\/\/minima.es\/en\/wp-json\/wp\/v2\/pages\/3903","targetHints":{"allow":["GET"]}}],"collection":[{"href":"https:\/\/minima.es\/en\/wp-json\/wp\/v2\/pages"}],"about":[{"href":"https:\/\/minima.es\/en\/wp-json\/wp\/v2\/types\/page"}],"author":[{"embeddable":true,"href":"https:\/\/minima.es\/en\/wp-json\/wp\/v2\/users\/1"}],"replies":[{"embeddable":true,"href":"https:\/\/minima.es\/en\/wp-json\/wp\/v2\/comments?post=3903"}],"version-history":[{"count":2,"href":"https:\/\/minima.es\/en\/wp-json\/wp\/v2\/pages\/3903\/revisions"}],"predecessor-version":[{"id":3905,"href":"https:\/\/minima.es\/en\/wp-json\/wp\/v2\/pages\/3903\/revisions\/3905"}],"up":[{"embeddable":true,"href":"https:\/\/minima.es\/en\/wp-json\/wp\/v2\/pages\/3898"}],"wp:featuredmedia":[{"embeddable":true,"href":"https:\/\/minima.es\/en\/wp-json\/wp\/v2\/media\/3735"}],"wp:attachment":[{"href":"https:\/\/minima.es\/en\/wp-json\/wp\/v2\/media?parent=3903"}],"curies":[{"name":"wp","href":"https:\/\/api.w.org\/{rel}","templated":true}]}}